{"id":279,"date":"2015-05-10T20:24:32","date_gmt":"2015-05-10T20:24:32","guid":{"rendered":"http:\/\/sedimentologia.org.ar\/spa\/?page_id=279"},"modified":"2020-11-23T11:27:20","modified_gmt":"2020-11-23T11:27:20","slug":"estatuto","status":"publish","type":"page","link":"https:\/\/www.sedimentologia.org.ar\/spa\/estatuto\/","title":{"rendered":"Estatuto"},"content":{"rendered":"<div class=\"fusion-fullwidth fullwidth-box fusion-builder-row-1 hundred-percent-fullwidth non-hundred-percent-height-scrolling\" style=\"--awb-border-radius-top-left:0px;--awb-border-radius-top-right:0px;--awb-border-radius-bottom-right:0px;--awb-border-radius-bottom-left:0px;--awb-overflow:visible;--awb-flex-wrap:wrap;\" ><div class=\"fusion-builder-row fusion-row\"><div class=\"fusion-layout-column fusion_builder_column fusion-builder-column-0 fusion_builder_column_3_4 3_4 fusion-three-fourth fusion-column-first\" style=\"--awb-bg-size:cover;width:74%; margin-right: 4%;\"><div class=\"fusion-column-wrapper fusion-flex-column-wrapper-legacy\"><div class=\"fusion-menu-anchor\" id=\"top\"><\/div><div class=\"fusion-title title fusion-title-1 fusion-sep-none fusion-title-text fusion-title-size-one\"><h1 class=\"fusion-title-heading title-heading-left\" style=\"margin:0;\">Estatuto<\/h1><\/div><div class=\"fusion-alignleft\"><a class=\"fusion-button button-flat fusion-button-default-size button-#ffffff fusion-button-#ffffff button-1 fusion-button-default-span \" target=\"_self\" href=\"#cap1\"><i class=\" fa fa-chevron-circle-right button-icon-left\" aria-hidden=\"true\"><\/i><span class=\"fusion-button-text\">Cap\u00edtulo I: Denominaci\u00f3n, domicilio y objeto social<\/span><\/a><\/div><div class=\"fusion-sep-clear\"><\/div><div class=\"fusion-separator fusion-full-width-sep\" style=\"margin-left: auto;margin-right: auto;margin-top:0px;margin-bottom:0px;width:100%;\"><div class=\"fusion-separator-border sep-solid sep-single\" style=\"--awb-height:20px;--awb-amount:20px;border-color:#e0dede;border-top-width:1px;\"><\/div><\/div><div class=\"fusion-sep-clear\"><\/div><div class=\"fusion-alignleft\"><a class=\"fusion-button button-flat fusion-button-default-size button-#ffffff fusion-button-#ffffff button-2 fusion-button-default-span \" target=\"_self\" href=\"#cap2\"><i class=\" fa fa-chevron-circle-right button-icon-left\" aria-hidden=\"true\"><\/i><span class=\"fusion-button-text\">Cap\u00edtulo II: Capacidad, patrimonio y recursos sociales<\/span><\/a><\/div><div class=\"fusion-sep-clear\"><\/div><div class=\"fusion-separator fusion-full-width-sep\" style=\"margin-left: auto;margin-right: auto;margin-top:0px;margin-bottom:0px;width:100%;\"><div class=\"fusion-separator-border sep-solid sep-single\" style=\"--awb-height:20px;--awb-amount:20px;border-color:#e0dede;border-top-width:1px;\"><\/div><\/div><div class=\"fusion-sep-clear\"><\/div><div class=\"fusion-alignleft\"><a class=\"fusion-button button-flat fusion-button-default-size button-#ffffff fusion-button-#ffffff button-3 fusion-button-default-span \" target=\"_self\" href=\"#cap3\"><i class=\" fa fa-chevron-circle-right button-icon-left\" aria-hidden=\"true\"><\/i><span class=\"fusion-button-text\">Cap\u00edtulo III: Asociados, condiciones de admisi\u00f3n, r\u00e9gimen disciplinario<\/span><\/a><\/div><div class=\"fusion-sep-clear\"><\/div><div class=\"fusion-separator fusion-full-width-sep\" style=\"margin-left: auto;margin-right: auto;margin-top:0px;margin-bottom:0px;width:100%;\"><div class=\"fusion-separator-border sep-solid sep-single\" style=\"--awb-height:20px;--awb-amount:20px;border-color:#e0dede;border-top-width:1px;\"><\/div><\/div><div class=\"fusion-sep-clear\"><\/div><div class=\"fusion-alignleft\"><a class=\"fusion-button button-flat fusion-button-default-size button-#ffffff fusion-button-#ffffff button-4 fusion-button-default-span \" target=\"_self\" href=\"#cap4\"><i class=\" fa fa-chevron-circle-right button-icon-left\" aria-hidden=\"true\"><\/i><span class=\"fusion-button-text\">Cap\u00edtulo IV: Comisi\u00f3n Directiva y \u00d3rgano de Fiscalizaci\u00f3n<\/span><\/a><\/div><div class=\"fusion-sep-clear\"><\/div><div class=\"fusion-separator fusion-full-width-sep\" style=\"margin-left: auto;margin-right: auto;margin-top:0px;margin-bottom:0px;width:100%;\"><div class=\"fusion-separator-border sep-solid sep-single\" style=\"--awb-height:20px;--awb-amount:20px;border-color:#e0dede;border-top-width:1px;\"><\/div><\/div><div class=\"fusion-sep-clear\"><\/div><div class=\"fusion-alignleft\"><a class=\"fusion-button button-flat fusion-button-default-size button-#ffffff fusion-button-#ffffff button-5 fusion-button-default-span \" target=\"_self\" href=\"#cap5\"><i class=\" fa fa-chevron-circle-right button-icon-left\" aria-hidden=\"true\"><\/i><span class=\"fusion-button-text\">Cap\u00edtulo V: Del Presidente y Vicepresidente<\/span><\/a><\/div><div class=\"fusion-sep-clear\"><\/div><div class=\"fusion-separator fusion-full-width-sep\" style=\"margin-left: auto;margin-right: auto;margin-top:0px;margin-bottom:0px;width:100%;\"><div class=\"fusion-separator-border sep-solid sep-single\" style=\"--awb-height:20px;--awb-amount:20px;border-color:#e0dede;border-top-width:1px;\"><\/div><\/div><div class=\"fusion-sep-clear\"><\/div><div class=\"fusion-alignleft\"><a class=\"fusion-button button-flat fusion-button-default-size button-#ffffff fusion-button-#ffffff button-6 fusion-button-default-span \" target=\"_self\" href=\"#cap6\"><i class=\" fa fa-chevron-circle-right button-icon-left\" aria-hidden=\"true\"><\/i><span class=\"fusion-button-text\">Cap\u00edtulo VI: Del Secretario<\/span><\/a><\/div><div class=\"fusion-sep-clear\"><\/div><div class=\"fusion-separator fusion-full-width-sep\" style=\"margin-left: auto;margin-right: auto;margin-top:0px;margin-bottom:0px;width:100%;\"><div class=\"fusion-separator-border sep-solid sep-single\" style=\"--awb-height:20px;--awb-amount:20px;border-color:#e0dede;border-top-width:1px;\"><\/div><\/div><div class=\"fusion-sep-clear\"><\/div><div class=\"fusion-alignleft\"><a class=\"fusion-button button-flat fusion-button-default-size button-#ffffff fusion-button-#ffffff button-7 fusion-button-default-span \" target=\"_self\" href=\"#cap7\"><i class=\" fa fa-chevron-circle-right button-icon-left\" aria-hidden=\"true\"><\/i><span class=\"fusion-button-text\">Cap\u00edtulo VII: Del Tesorero<\/span><\/a><\/div><div class=\"fusion-sep-clear\"><\/div><div class=\"fusion-separator fusion-full-width-sep\" style=\"margin-left: auto;margin-right: auto;margin-top:0px;margin-bottom:0px;width:100%;\"><div class=\"fusion-separator-border sep-solid sep-single\" style=\"--awb-height:20px;--awb-amount:20px;border-color:#e0dede;border-top-width:1px;\"><\/div><\/div><div class=\"fusion-sep-clear\"><\/div><div class=\"fusion-alignleft\"><a class=\"fusion-button button-flat fusion-button-default-size button-#ffffff fusion-button-#ffffff button-8 fusion-button-default-span \" target=\"_self\" href=\"#cap8\"><i class=\" fa fa-chevron-circle-right button-icon-left\" aria-hidden=\"true\"><\/i><span class=\"fusion-button-text\">Cap\u00edtulo VIII: De los vocales titulares y suplentes<\/span><\/a><\/div><div class=\"fusion-sep-clear\"><\/div><div class=\"fusion-separator fusion-full-width-sep\" style=\"margin-left: auto;margin-right: auto;margin-top:0px;margin-bottom:0px;width:100%;\"><div class=\"fusion-separator-border sep-solid sep-single\" style=\"--awb-height:20px;--awb-amount:20px;border-color:#e0dede;border-top-width:1px;\"><\/div><\/div><div class=\"fusion-sep-clear\"><\/div><div class=\"fusion-alignleft\"><a class=\"fusion-button button-flat fusion-button-default-size button-#ffffff fusion-button-#ffffff button-9 fusion-button-default-span \" target=\"_self\" href=\"#cap9\"><i class=\" fa fa-chevron-circle-right button-icon-left\" aria-hidden=\"true\"><\/i><span class=\"fusion-button-text\">Cap\u00edtulo IX: Asambleas<\/span><\/a><\/div><div class=\"fusion-sep-clear\"><\/div><div class=\"fusion-separator fusion-full-width-sep\" style=\"margin-left: auto;margin-right: auto;margin-top:0px;margin-bottom:0px;width:100%;\"><div class=\"fusion-separator-border sep-solid sep-single\" style=\"--awb-height:20px;--awb-amount:20px;border-color:#e0dede;border-top-width:1px;\"><\/div><\/div><div class=\"fusion-sep-clear\"><\/div><div class=\"fusion-alignleft\"><a class=\"fusion-button button-flat fusion-button-default-size button-#ffffff fusion-button-#ffffff button-10 fusion-button-default-span \" target=\"_self\" href=\"#cap10\"><i class=\" fa fa-chevron-circle-right button-icon-left\" aria-hidden=\"true\"><\/i><span class=\"fusion-button-text\">Cap\u00edtulo X: De la revista<\/span><\/a><\/div><div class=\"fusion-sep-clear\"><\/div><div class=\"fusion-separator fusion-full-width-sep\" style=\"margin-left: auto;margin-right: auto;margin-top:0px;margin-bottom:0px;width:100%;\"><div class=\"fusion-separator-border sep-solid sep-single\" style=\"--awb-height:20px;--awb-amount:20px;border-color:#e0dede;border-top-width:1px;\"><\/div><\/div><div class=\"fusion-sep-clear\"><\/div><div class=\"fusion-alignleft\"><a class=\"fusion-button button-flat fusion-button-default-size button-#ffffff fusion-button-#ffffff button-11 fusion-button-default-span \" target=\"_self\" href=\"#cap11\"><i class=\" fa fa-chevron-circle-right button-icon-left\" aria-hidden=\"true\"><\/i><span class=\"fusion-button-text\">Cap\u00edtulo XI: Disoluci\u00f3n y liquidaci\u00f3n<\/span><\/a><\/div><div class=\"fusion-menu-anchor\" id=\"cap1\"><\/div><div class=\"fusion-sep-clear\"><\/div><div class=\"fusion-separator fusion-full-width-sep\" style=\"margin-left: auto;margin-right: auto;margin-top:20px;margin-bottom:20px;width:100%;\"><\/div><div class=\"fusion-sep-clear\"><\/div><div class=\"fusion-section-separator section-separator triangle fusion-section-separator-1\" style=\"--awb-border-bottom:1px solid #ededed;--awb-spacer-height:1px;--awb-svg-margin-left:0;--awb-svg-margin-right:0;--awb-icon-color:#ffffff;\"><div class=\"fusion-section-separator-svg\"><div class=\"divider-candy-arrow bottom\" style=\"top:0px;border-top-color: #ededed;\"><\/div><div class=\"divider-candy bottom\" style=\"bottom:-21px;border-bottom:1px solid #ededed;border-left:1px solid #ededed;\"><\/div><\/div><div class=\"fusion-section-separator-spacer\"><div class=\"fusion-section-separator-spacer-height\"><\/div><\/div><\/div><div class=\"fusion-sep-clear\"><\/div><div class=\"fusion-separator fusion-full-width-sep\" style=\"margin-left: auto;margin-right: auto;margin-top:20px;margin-bottom:0px;width:100%;\"><\/div><div class=\"fusion-sep-clear\"><\/div><div class=\"fusion-text fusion-text-1\"><h2>CAP\u00cdTULO I<\/h2>\n<h3>Denominaci\u00f3n, domicilio y objeto social<\/h3>\n<p><span style=\"color: #000000;\"><strong>Art\u00edculo 1 &#8211;<\/strong><\/span>\u00a0Con la denominaci\u00f3n de Asociaci\u00f3n Argentina de Sedimentolog\u00eda se constituye el d\u00eda 8 de junio de 1993 una entidad civil, sin fines de lucro, con domicilio legal en la ciudad de La Plata.<\/p>\n<p><span style=\"color: #000000;\"><strong>Art\u00edculo 2 &#8211;<\/strong>\u00a0<\/span>Son sus prop\u00f3sitos:<\/p>\n<ul>\n<li>a.\u00a0el incentivo del intercambio de ideas, estimulando las investigaciones cient\u00edficas y tecnol\u00f3gicas en nuestro pa\u00eds;<\/li>\n<li>b.\u00a0organizar reuniones cient\u00edficas y cursos que favorezcan la transferencia de conocimientos, favorezcan la\u00a0 interacci\u00f3n profesional y promuevan la integraci\u00f3n de grupos de trabajo;<\/li>\n<li>c.\u00a0editar una revista que sea el \u00f3rgano oficial dela Asociaci\u00f3n, en la cual aparecer\u00e1n trabajos y comunicaciones cient\u00edficas, comentarios bibliogr\u00e1ficos e informaci\u00f3n relacionada con reuniones cient\u00edficasa realizarse en el pa\u00eds y el extranjero.<\/li>\n<\/ul>\n<p style=\"text-align: left;\">\n<\/div><div class=\"fusion-alignleft\"><a class=\"fusion-button button-flat fusion-button-default-size button-#ffffff fusion-button-#ffffff button-12 fusion-button-default-span \" target=\"_self\" href=\"#top\"><i class=\" fa fa-chevron-circle-up button-icon-left\" aria-hidden=\"true\"><\/i><span class=\"fusion-button-text\">SUBIR<\/span><\/a><\/div><div class=\"fusion-text fusion-text-2\"><\/div><div class=\"fusion-menu-anchor\" id=\"cap2\"><\/div><div class=\"fusion-sep-clear\"><\/div><div class=\"fusion-separator fusion-full-width-sep\" style=\"margin-left: auto;margin-right: auto;margin-top:20px;margin-bottom:0px;width:100%;\"><\/div><div class=\"fusion-sep-clear\"><\/div><div class=\"fusion-section-separator section-separator triangle fusion-section-separator-2\" style=\"--awb-border-bottom:1px solid #ededed;--awb-spacer-height:1px;--awb-svg-margin-left:0;--awb-svg-margin-right:0;--awb-icon-color:#ffffff;\"><div class=\"fusion-section-separator-svg\"><div class=\"divider-candy-arrow bottom\" style=\"top:0px;border-top-color: #ededed;\"><\/div><div class=\"divider-candy bottom\" style=\"bottom:-21px;border-bottom:1px solid #ededed;border-left:1px solid #ededed;\"><\/div><\/div><div class=\"fusion-section-separator-spacer\"><div class=\"fusion-section-separator-spacer-height\"><\/div><\/div><\/div><div class=\"fusion-sep-clear\"><\/div><div class=\"fusion-separator fusion-full-width-sep\" style=\"margin-left: auto;margin-right: auto;margin-top:20px;margin-bottom:0px;width:100%;\"><\/div><div class=\"fusion-sep-clear\"><\/div><div class=\"fusion-text fusion-text-3\"><h2>CAP\u00cdTULO II<\/h2>\n<h3>Capacidad, patrimonio y recursos sociales<\/h3>\n<p><span style=\"color: #000000;\"><strong>Art\u00edculo 3 &#8211;<\/strong><\/span>\u00a0La Asociaci\u00f3n est\u00e1 capacitada para adquirir bienes y contraer obligaciones. Podr\u00e1 en consecuencia operar con instituciones bancarias p\u00fablicas y privadas.<\/p>\n<p><span style=\"color: #000000;\"><strong>Art\u00edculo 4 &#8211;<\/strong><\/span>\u00a0El patrimonio se compone de los bienes que posee en la actualidad y de los que adquiera en lo sucesivo por cualquier t\u00edtulo y de los recursos que obtenga por:<\/p>\n<ol>\n<li>las cuotas ordinarias y extraordinarias que abonan los asociados,<\/li>\n<li>las rentas de sus bienes,<\/li>\n<li>las donaciones, herencias, legados y subvenciones,<\/li>\n<li>el producto de beneficios, rifas, y de toda otra entrada que pueda obtener l\u00edcitamente de conformidad al car\u00e1cter\u00a0 no lucrativo de la instituci\u00f3n.<\/li>\n<\/ol>\n<p><div class=\"fusion-alignleft\"><a class=\"fusion-button button-flat fusion-button-default-size button-#ffffff fusion-button-#ffffff button-13 fusion-button-default-span \" target=\"_self\" href=\"#top\"><i class=\" fa fa-chevron-circle-up button-icon-left\" aria-hidden=\"true\"><\/i><span class=\"fusion-button-text\">SUBIR<\/span><\/a><\/div>\n<div class=\"fusion-menu-anchor\" id=\"cap3\"><\/div><div class=\"fusion-sep-clear\"><\/div><div class=\"fusion-separator fusion-full-width-sep\" style=\"margin-left: auto;margin-right: auto;margin-top:20px;margin-bottom:0px;width:100%;\"><\/div><div class=\"fusion-sep-clear\"><\/div><div class=\"fusion-section-separator section-separator triangle fusion-section-separator-3\" style=\"--awb-border-bottom:1px solid #ededed;--awb-spacer-height:1px;--awb-svg-margin-left:0;--awb-svg-margin-right:0;--awb-icon-color:#ffffff;\"><div class=\"fusion-section-separator-svg\"><div class=\"divider-candy-arrow bottom\" style=\"top:0px;border-top-color: #ededed;\"><\/div><div class=\"divider-candy bottom\" style=\"bottom:-21px;border-bottom:1px solid #ededed;border-left:1px solid #ededed;\"><\/div><\/div><div class=\"fusion-section-separator-spacer\"><div class=\"fusion-section-separator-spacer-height\"><\/div><\/div><\/div><div class=\"fusion-sep-clear\"><\/div><div class=\"fusion-separator fusion-full-width-sep\" style=\"margin-left: auto;margin-right: auto;margin-top:20px;margin-bottom:0px;width:100%;\"><\/div><div class=\"fusion-sep-clear\"><\/div><\/p>\n<h2>CAP\u00cdTULO III<\/h2>\n<h3>Asociados, condiciones de admisi\u00f3n, r\u00e9gimen disciplinario<\/h3>\n<p><strong><span style=\"color: #000000;\">Art\u00edculo 5\u00a0&#8211;<\/span><\/strong> Se establecen las siguientes categor\u00edas de asociados:<\/p>\n<ul>\n<li>a) Activos:\u00a0profesionales poseedores de un t\u00edtulo universitario en Ciencias Geol\u00f3gicas, con una antig\u00fcedad m\u00ednima de un a\u00f1o en el ejercicio de la profesi\u00f3n y que sean aceptados por la Comisi\u00f3n Directiva. Adem\u00e1s todas aquellas personas que a juicio de la Comisi\u00f3n Directiva, re\u00fanan condiciones que las capaciten, sean \u00e9stas de \u00edndole t\u00e9cnica, cient\u00edfica o cultural.<\/li>\n<li>b) Adherentes:\u00a0estudiantes de geolog\u00eda, y aquellos particulares que simpaticen con los prop\u00f3sitos y obra de la Asociaci\u00f3n. Podr\u00e1n asistir a las asambleas, pero no tendr\u00e1n derecho a voz ni voto, ni podr\u00e1n integrar la Comisi\u00f3n Directiva.<\/li>\n<li>c) Honorarios:\u00a0los que en atenci\u00f3n a su trayectoria cient\u00edfica sean distinguidos por la asamblea, a propuesta de la\u00a0 Comisi\u00f3n Directiva o de un 20% de los asociados, con derecho a voto. La pertenencia a esta categor\u00eda es una mera menci\u00f3n\u00a0 honor\u00edfica y, por lo tanto, no implica reconocer derechos ni imponer obligaciones.<\/li>\n<li>d) Benefactores:\u00a0aquellas personas naturales o jur\u00eddicas, que contribuyan al sostenimiento y progreso de la\u00a0 Asociaci\u00f3n, con obras o donaciones pecuniarias de importancia.<\/li>\n<\/ul>\n<p><strong><span style=\"color: #000000;\">Art\u00edculo 6 &#8211;<\/span><\/strong>\u00a0Los asociados activos y honorarios tienen las siguientes obligaciones y derechos:<\/p>\n<ol>\n<li>abonar las contribuciones ordinarias y extraordinarias que establezca la asamblea;<\/li>\n<li>cumplir las dem\u00e1s obligaciones que imponga esteestatuto, los reglamentos y las resoluciones de asambleas y Comisi\u00f3n Directiva;<\/li>\n<li>participar con voz y voto en las asambleas cuando tengan una antig\u00fcedad mayor a un a\u00f1o y ser elegidos para integrar\u00a0 los \u00f3rganos sociales;<\/li>\n<li>gozar de los beneficios que otorga la entidad.<\/li>\n<\/ol>\n<p><strong><span style=\"color: #000000;\">Art\u00edculo 7 &#8211;<\/span><\/strong>\u00a0Perder\u00e1 su car\u00e1cter de asociado el que hubiera dejado de reunir las condiciones requeridas por este estatuto\u00a0 para serlo. Los asociados que se atrasen en el pago de la cuota anual o de cualquier otra contribuci\u00f3n establecida, ser\u00e1n\u00a0 notificados fehacientemente de su obligaci\u00f3n de ponerse al d\u00eda en la Tesorer\u00eda Social. Pasado un mes de la notificaci\u00f3n, sin\u00a0 que hubiera regularizado su situaci\u00f3n, la Comisi\u00f3n Directiva podr\u00e1 declarar la cesant\u00eda del socio moroso. Se perder\u00e1 tambi\u00e9n el car\u00e1cter de asociado por fallecimiento, renuncia o expulsi\u00f3n.<\/p>\n<p><strong><span style=\"color: #000000;\">Art\u00edculo 8 &#8211;<\/span><\/strong>\u00a0La Comisi\u00f3n Directiva podr\u00e1 aplicar a los asociados las siguientes sanciones:<\/p>\n<ul>\n<li>a)\u00a0amonestaci\u00f3n;<\/li>\n<li>b)\u00a0suspensi\u00f3n, cuyo plazo m\u00e1ximo no podr\u00e1 exeder el de un a\u00f1o y<\/li>\n<li>c)\u00a0expulsi\u00f3n.<\/li>\n<\/ul>\n<p>Se graduar\u00e1, de acuerdo a la gravedad de la falta y a las circunstancias del caso, por las siguientes causas:<\/p>\n<ol>\n<li>incumplimiento de las obligaciones impuestas por el estatuto, reglamentos o resoluciones de las asambleas y de la Comisi\u00f3n Directiva;<\/li>\n<li>inconducta notoria;<\/li>\n<li>hacer voluntariamente da\u00f1o a la Asociaci\u00f3n, provocar des\u00f3rdenes graves en su seno u observar una conducta que\u00a0 sea notoriamente perjudicial a los intereses sociales.<\/li>\n<\/ol>\n<p><strong><span style=\"color: #000000;\">Art\u00edculo 9 &#8211;<\/span><\/strong>\u00a0Las sanciones disciplinarias a que serefiere el art\u00edculo anterior ser\u00e1n resueltas por la Comisi\u00f3n Directiva previadefensa del inculpado. En todos los casos, el afectado podr\u00e1 interponer (dentrode los treinta d\u00edas de notificado de la sanci\u00f3n) el recurso de apelaci\u00f3nante la primera asamblea que se celebre. La interposici\u00f3n del recurso tendr\u00e1 efecto suspensivo. En el supuesto de ejercer el socio sancionado un cargo dentro de los \u00d3rganos de Administraci\u00f3n o Fiscalizaci\u00f3n, podr\u00e1 ser suspendidopor dicho \u00f3rgano en ese car\u00e1cter, hasta tanto resuelva su situaci\u00f3n la asamblea respectiva.<\/p>\n<p><div class=\"fusion-alignleft\"><a class=\"fusion-button button-flat fusion-button-default-size button-#ffffff fusion-button-#ffffff button-14 fusion-button-default-span \" target=\"_self\" href=\"#top\"><i class=\" fa fa-chevron-circle-up button-icon-left\" aria-hidden=\"true\"><\/i><span class=\"fusion-button-text\">SUBIR<\/span><\/a><\/div>\n<div class=\"fusion-menu-anchor\" id=\"cap4\"><\/div><div class=\"fusion-sep-clear\"><\/div><div class=\"fusion-separator fusion-full-width-sep\" style=\"margin-left: auto;margin-right: auto;margin-top:20px;margin-bottom:0px;width:100%;\"><\/div><div class=\"fusion-sep-clear\"><\/div><div class=\"fusion-section-separator section-separator triangle fusion-section-separator-4\" style=\"--awb-border-bottom:1px solid #ededed;--awb-spacer-height:1px;--awb-svg-margin-left:0;--awb-svg-margin-right:0;--awb-icon-color:#ffffff;\"><div class=\"fusion-section-separator-svg\"><div class=\"divider-candy-arrow bottom\" style=\"top:0px;border-top-color: #ededed;\"><\/div><div class=\"divider-candy bottom\" style=\"bottom:-21px;border-bottom:1px solid #ededed;border-left:1px solid #ededed;\"><\/div><\/div><div class=\"fusion-section-separator-spacer\"><div class=\"fusion-section-separator-spacer-height\"><\/div><\/div><\/div><div class=\"fusion-sep-clear\"><\/div><div class=\"fusion-separator fusion-full-width-sep\" style=\"margin-left: auto;margin-right: auto;margin-top:20px;margin-bottom:0px;width:100%;\"><\/div><div class=\"fusion-sep-clear\"><\/div><\/p>\n<h2>CAP\u00cdTULO IV<\/h2>\n<h3>Comisi\u00f3n Directiva y \u00d3rgano de Fiscalizaci\u00f3n<\/h3>\n<p><strong><span style=\"color: #000000;\">Art\u00edculo 10 &#8211;<\/span><\/strong>\u00a0La Asociaci\u00f3n ser\u00e1 dirigida y administrada por una Comisi\u00f3n Directiva compuesta por seis miembros titulares, que desempe\u00f1ar\u00e1n los siguientes cargos: Presidente, Vicepresidente, Secretario, Tesorero y 2 Vocales. El mandato de los mismos durar\u00e1 dos a\u00f1os.<\/p>\n<p>Habr\u00e1 adem\u00e1s dos Vocales suplentes cuyos mandatos tambi\u00e9n durar\u00e1n dos a\u00f1os.<\/p>\n<p>Habr\u00e1 un \u00d3rgano de Fiscalizaci\u00f3n compuesto por dos miembros titulares, el que tendr\u00e1 un miembro suplente. Sus mandatos durar\u00e1n dos a\u00f1os. En todos los casos, los mandatos son \u00fanicamente revocables por la asamblea. Los miembros de los \u00f3rganos sociales podr\u00e1n ser reelegidos.<\/p>\n<p><strong><span style=\"color: #000000;\">Art\u00edculo 11 &#8211;<\/span><\/strong>\u00a0Para integrar los \u00f3rganos sociales se requiere pertenecer a la categor\u00eda de socio activo u honorario con una antig\u00fcedad de por lo menos un a\u00f1o.<\/p>\n<p><strong><span style=\"color: #000000;\">Art\u00edculo 12 &#8211;<\/span><\/strong>\u00a0En caso de licencia, renuncia, fallecimiento o cualquier otra causa que ocasione la vacancia transitoria o permanente de un cargo titular, entrar\u00e1 a desempe\u00f1arlo quien corresponda por orden de lista. Este reemplazo se har\u00e1 por el t\u00e9rmino de la vacancia y siempre que no exceda el mandato por el que fuera elegido dicho suplente.<\/p>\n<p><strong><span style=\"color: #000000;\">Art\u00edculo 13 &#8211;<\/span><\/strong>\u00a0Si el n\u00famero de miembros de la Comisi\u00f3nDirectiva quedara reducido a menos de la mayor\u00eda absoluta del total, habiendosido llamados todos los suplentes a reemplazar a los titulares, los restantesdeber\u00e1n convocar a asamblea dentro de los 15 d\u00edas para celebrarse dentrode los 30 d\u00edas subsiguientes, a los efectos de su integraci\u00f3n. En caso devacancia total del cuerpo, el \u00d3rgano de Fiscalizaci\u00f3n cumplir\u00e1 dicha convocatoria,todo ello sin perjuicio de las responsabilidades que incumban a los miembrosdirectivos renunciantes.<\/p>\n<p>En ambos casos el \u00f3rgano que efect\u00faa la convocatoria tendr\u00e1 todas las facultades inherentes a la celebraci\u00f3n de la asamblea o de los comicios.<\/p>\n<p><strong><span style=\"color: #000000;\">Art\u00edculo 14 &#8211;<\/span><\/strong>\u00a0La Comisi\u00f3n Directiva se reunir\u00e1 por lomenos una vez cada dos meses, el d\u00eda y hora que determine en su primera reuni\u00f3nanual y adem\u00e1s toda vez que sea citada por el Presidente o a pedido del \u00d3rganode Fiscalizaci\u00f3n o dos de sus miembros, debiendo en estos \u00faltimos casos celebrarsela reuni\u00f3n dentro de los 7 d\u00edas. La citaci\u00f3n se har\u00e1 por circulares y con5 d\u00edas de anticipaci\u00f3n. Las reuniones se celebrar\u00e1n v\u00e1lidamente con la presenciade la mayor\u00eda absoluta de sus miembros, requiri\u00e9ndose para las resolucionesel voto de igual mayor\u00eda de los presentes, salvo para las reconsideraciones, que requerir\u00e1n el voto de las dos terceras partes, en sesi\u00f3n de igual o mayorn\u00famero de asistentes de aqu\u00e9lla en la que se resolvi\u00f3 el tema a reconsiderar.<\/p>\n<p><strong><span style=\"color: #000000;\">Art\u00edculo 15 &#8211;<\/span><\/strong>\u00a0Son atribuciones y deberes de la Comisi\u00f3n Directiva:<\/p>\n<ul>\n<li>a)\u00a0ejecutar las resoluciones de las asambleas, cumplir y hacer cumplir este Estatuto y los Reglamentos, interpret\u00e1ndolos\u00a0 en caso de duda con cargo de dar cuenta a la asamblea m\u00e1s pr\u00f3xima que se celebre;<\/li>\n<li>b)\u00a0ejercer la administraci\u00f3n de la Asociaci\u00f3n;<\/li>\n<li>c)\u00a0convocar a asambleas;<\/li>\n<li>d)\u00a0resolver la admisi\u00f3n de los que solicitan ingresar como socios;<\/li>\n<li>e)\u00a0sancionar a los asociados;<\/li>\n<li>f)\u00a0nombrar al personal necesario para el cumplimiento de la finalidad social, fijarle sueldo, determinarle las\u00a0 obligaciones, sancionarlo y despedirlo;<\/li>\n<li>g)\u00a0presentar a la asamblea ordinaria la Memoria, Balance General, Inventario, Cuenta de Gastos y Recursos, e Informe\u00a0 del \u00d3rgano de Fiscalizaci\u00f3n. Todos estos documentos deber\u00e1n ser puestos en conocimiento de los socios con la\u00a0 anticipaci\u00f3n requerida por el art\u00edculo 23 para la convocatoria a asamblea ordinaria;<\/li>\n<li>h)\u00a0realizar los actos que especifican los art\u00edculos 1881 y concordantes del C\u00f3digo Civil, con cargo de dar cuenta a la\u00a0 primera asamblea que se celebre, salvo los casos de adquisici\u00f3n y enajenaci\u00f3n de inmuebles y constituci\u00f3n de grav\u00e1menes\u00a0 sobre \u00e9stos en la que ser\u00e1 necesaria la autorizaci\u00f3n previa de la asamblea;<\/li>\n<li>i)\u00a0dictar las reglamentaciones internas necesarias para el cumplimiento de las finalidades, las que deber\u00e1n ser aprobadas\u00a0 por la asamblea y presentadas a la Inspecci\u00f3n General de Justicia a los efectos de lo determinado en el art\u00edculo 114 de las\u00a0 Normas de dicho Organismo, sin cuyo requisito no podr\u00e1n entrar en vigencia. Except\u00faanse aquellas reglamentaciones que\u00a0 no tengan contenido estatutario.<\/li>\n<\/ul>\n<p><strong><span style=\"color: #000000;\">Art\u00edculo 16 &#8211;<\/span><\/strong>\u00a0El \u00d3rgano de Fiscalizaci\u00f3n tendr\u00e1 las siguientes atribuciones y deberes:<\/p>\n<ul>\n<li>a)\u00a0controlar permanentemente los libros y documentaci\u00f3n contable respaldatoria de los asientos volcados, fiscalizando\u00a0 la administraci\u00f3n, comprobando el estado de la caja y la existencia de los fondos, t\u00edtulos y valores;<\/li>\n<li>b)\u00a0asistir a las sesiones de la Comisi\u00f3n Directiva cuando lo estime conveniente, con voz y sin voto, no comput\u00e1ndose\u00a0 su asistencia a los efectos del quorum;<\/li>\n<li>c)\u00a0verificar el cumplimiento de las leyes, estatutos y reglamentos, en especial en lo referente a los derechos de los socios y\u00a0 las condiciones en que se otorgan los beneficios sociales;<\/li>\n<li>d)\u00a0anualmente, dictaminar sobre la Memoria, Inventario, Balance General y Cuenta de Gastos y Recursos presentadas por\u00a0 la Comisi\u00f3n Directiva a la asamblea ordinaria al cierre del ejercicio;<\/li>\n<li>e)\u00a0convocar a asamblea ordinaria cuando omitiera hacerlo de Comisi\u00f3n Directiva, previa intimaci\u00f3n fehaciente a la misma\u00a0 por el t\u00e9rmino de 15 d\u00edas;<\/li>\n<li>f)\u00a0solicitar la convocatoria de la asamblea extraordinaria cuando lo juzgue necesario, poniendo los antecedentes que\u00a0 fundamentan su pedido en conocimiento de la Inspecci\u00f3n General de Justicia cuando se negare a acceder a ello la\u00a0 Comisi\u00f3n Directiva;<\/li>\n<li>g)\u00a0convocar, dando cuenta al Organismo de Control a asamblea extraordinaria, cuando esto fuese solicitado\u00a0 infructuosamente a la Comisi\u00f3n Directiva por los asociados, de conformidad con los t\u00e9rminos del art\u00edculo 23;<\/li>\n<li>h)\u00a0vigilar las operaciones de liquidaci\u00f3n de la Asociaci\u00f3n.<\/li>\n<\/ul>\n<p>El \u00d3rgano de Fiscalizaci\u00f3n cuidar\u00e1 de ejercer susfunciones de modo que no entorpezca la regularidad de la administraci\u00f3n social.<\/p>\n<p><div class=\"fusion-alignleft\"><a class=\"fusion-button button-flat fusion-button-default-size button-#ffffff fusion-button-#ffffff button-15 fusion-button-default-span \" target=\"_self\" href=\"#top\"><i class=\" fa fa-chevron-circle-up button-icon-left\" aria-hidden=\"true\"><\/i><span class=\"fusion-button-text\">SUBIR<\/span><\/a><\/div>\n<div class=\"fusion-menu-anchor\" id=\"cap5\"><\/div><div class=\"fusion-sep-clear\"><\/div><div class=\"fusion-separator fusion-full-width-sep\" style=\"margin-left: auto;margin-right: auto;margin-top:20px;margin-bottom:0px;width:100%;\"><\/div><div class=\"fusion-sep-clear\"><\/div><div class=\"fusion-section-separator section-separator triangle fusion-section-separator-5\" style=\"--awb-border-bottom:1px solid #ededed;--awb-spacer-height:1px;--awb-svg-margin-left:0;--awb-svg-margin-right:0;--awb-icon-color:#ffffff;\"><div class=\"fusion-section-separator-svg\"><div class=\"divider-candy-arrow bottom\" style=\"top:0px;border-top-color: #ededed;\"><\/div><div class=\"divider-candy bottom\" style=\"bottom:-21px;border-bottom:1px solid #ededed;border-left:1px solid #ededed;\"><\/div><\/div><div class=\"fusion-section-separator-spacer\"><div class=\"fusion-section-separator-spacer-height\"><\/div><\/div><\/div><div class=\"fusion-sep-clear\"><\/div><div class=\"fusion-separator fusion-full-width-sep\" style=\"margin-left: auto;margin-right: auto;margin-top:20px;margin-bottom:0px;width:100%;\"><\/div><div class=\"fusion-sep-clear\"><\/div><\/p>\n<h2>CAP\u00cdTULO V<\/h2>\n<h3>Del Presidente y Vicepresidente<\/h3>\n<p><strong><span style=\"color: #000000;\">Art\u00edculo 17 &#8211;\u00a0<\/span><\/strong>Corresponde al Presidente y en caso de renuncia, fallecimiento, ausencia o enfermedad, al Vicepresidente o a quien lo reemplace estatutariamente:<\/p>\n<ul>\n<li>a)\u00a0ejercer la representaci\u00f3n de la Asociaci\u00f3n;<\/li>\n<li>b)\u00a0citar a las asambleas y convocar a las sesiones de la Comisi\u00f3n Directiva y presidirla;<\/li>\n<li>c)\u00a0tendr\u00e1 derecho a voto en las sesiones de la Comisi\u00f3n Directiva al igual que los dem\u00e1s miembros del cuerpo y, en caso\u00a0 de empate, votar nuevamente para desempatar;<\/li>\n<li>d)\u00a0firmar con el Secretario las actas de las asambleas y de la Comisi\u00f3n Directiva, la correspondencia y todo documento de\u00a0 la Asociaci\u00f3n;<\/li>\n<li>e)\u00a0autorizar con el Tesorero las cuentas de gastos,firmando los recibos y dem\u00e1s documentos de la Tesorer\u00eda, de acuerdo con loresuelto por la Comisi\u00f3n Directiva. No permitir que los fondos sociales seaninvertidos en objetos ajenos a lo prescripto por este estatuto;<\/li>\n<li>f)\u00a0dirigir las discusiones, suspender y levantar las sesiones, de la Comisi\u00f3n Directiva y asambleas cuando se altere el\u00a0 orden y falte el respeto debido;<\/li>\n<li>g)\u00a0velar por la buena marcha y administraci\u00f3n de la asociaci\u00f3n, observando y haciendo observar el estatuto, reglamentos,\u00a0 las resoluciones de las asambleas y de la Comisi\u00f3n Directiva;<\/li>\n<li>h)\u00a0sancionar a cualquier empleado que no cumpla con sus obligaciones y adoptar las resoluciones en los casos\u00a0 imprevistos. En ambos supuestos ser\u00e1 \u00abad\u00a0 referendum\u00bb de la primera reuni\u00f3n de Comisi\u00f3n Directiva.<\/li>\n<\/ul>\n<p><div class=\"fusion-alignleft\"><a class=\"fusion-button button-flat fusion-button-default-size button-#ffffff fusion-button-#ffffff button-16 fusion-button-default-span \" target=\"_self\" href=\"#top\"><i class=\" fa fa-chevron-circle-up button-icon-left\" aria-hidden=\"true\"><\/i><span class=\"fusion-button-text\">SUBIR<\/span><\/a><\/div>\n<div class=\"fusion-menu-anchor\" id=\"cap6\"><\/div><div class=\"fusion-sep-clear\"><\/div><div class=\"fusion-separator fusion-full-width-sep\" style=\"margin-left: auto;margin-right: auto;margin-top:20px;margin-bottom:0px;width:100%;\"><\/div><div class=\"fusion-sep-clear\"><\/div><div class=\"fusion-section-separator section-separator triangle fusion-section-separator-6\" style=\"--awb-border-bottom:1px solid #ededed;--awb-spacer-height:1px;--awb-svg-margin-left:0;--awb-svg-margin-right:0;--awb-icon-color:#ffffff;\"><div class=\"fusion-section-separator-svg\"><div class=\"divider-candy-arrow bottom\" style=\"top:0px;border-top-color: #ededed;\"><\/div><div class=\"divider-candy bottom\" style=\"bottom:-21px;border-bottom:1px solid #ededed;border-left:1px solid #ededed;\"><\/div><\/div><div class=\"fusion-section-separator-spacer\"><div class=\"fusion-section-separator-spacer-height\"><\/div><\/div><\/div><div class=\"fusion-sep-clear\"><\/div><div class=\"fusion-separator fusion-full-width-sep\" style=\"margin-left: auto;margin-right: auto;margin-top:20px;margin-bottom:0px;width:100%;\"><\/div><div class=\"fusion-sep-clear\"><\/div><\/p>\n<h2>CAP\u00cdTULO VI<\/h2>\n<h3>Del Secretario<\/h3>\n<p><strong><span style=\"color: #000000;\">Art\u00edculo 18 &#8211;<\/span><\/strong>\u00a0Corresponde al Secretario o a quien lo reemplace estatutariamente:<\/p>\n<p>a)\u00a0asistir a las asambleas y sesiones de la Comisi\u00f3n Directiva, redactando las actas respectivas, las que deber\u00e1 presentar\u00a0 en el libro correspondiente y firmar con el Presidente;<br \/>\nb)\u00a0firmar con el Presidente la correspondencia y todo documento de la Asociaci\u00f3n;<br \/>\nc)\u00a0citar a las sesiones de Comisi\u00f3n Directiva de acuerdo a lo prescripto por el Art\u00edculo 14;<br \/>\nd)\u00a0llevar el Libro de Actas y, conjuntamente con el Tesorero, el registro de Asociados.<\/p>\n<p><div class=\"fusion-alignleft\"><a class=\"fusion-button button-flat fusion-button-default-size button-#ffffff fusion-button-#ffffff button-17 fusion-button-default-span \" target=\"_self\" href=\"#top\"><i class=\" fa fa-chevron-circle-up button-icon-left\" aria-hidden=\"true\"><\/i><span class=\"fusion-button-text\">SUBIR<\/span><\/a><\/div>\n<div class=\"fusion-menu-anchor\" id=\"cap7\"><\/div><div class=\"fusion-sep-clear\"><\/div><div class=\"fusion-separator fusion-full-width-sep\" style=\"margin-left: auto;margin-right: auto;margin-top:20px;margin-bottom:0px;width:100%;\"><\/div><div class=\"fusion-sep-clear\"><\/div><div class=\"fusion-section-separator section-separator triangle fusion-section-separator-7\" style=\"--awb-border-bottom:1px solid #ededed;--awb-spacer-height:1px;--awb-svg-margin-left:0;--awb-svg-margin-right:0;--awb-icon-color:#ffffff;\"><div class=\"fusion-section-separator-svg\"><div class=\"divider-candy-arrow bottom\" style=\"top:0px;border-top-color: #ededed;\"><\/div><div class=\"divider-candy bottom\" style=\"bottom:-21px;border-bottom:1px solid #ededed;border-left:1px solid #ededed;\"><\/div><\/div><div class=\"fusion-section-separator-spacer\"><div class=\"fusion-section-separator-spacer-height\"><\/div><\/div><\/div><div class=\"fusion-sep-clear\"><\/div><div class=\"fusion-separator fusion-full-width-sep\" style=\"margin-left: auto;margin-right: auto;margin-top:20px;margin-bottom:0px;width:100%;\"><\/div><div class=\"fusion-sep-clear\"><\/div><\/p>\n<h2>CAP\u00cdTULO VII<\/h2>\n<h3>Del Tesorero<\/h3>\n<p><strong><span style=\"color: #000000;\">Art\u00edculo 19 &#8211;\u00a0<\/span><\/strong>Corresponde al Tesorero o a quien lo reemplace estatutariamente:<\/p>\n<ul>\n<li>a)\u00a0asistir a las sesiones de la Comisi\u00f3n Directiva y a las asambleas;<\/li>\n<li>b)\u00a0llevar conjuntamente con el Secretario el Registro de Asociados, ser responsable de todo lo relacionado al cobro de\u00a0 las cuotas sociales;<\/li>\n<li>c)\u00a0llevar los libros de contabilidad;<\/li>\n<li>d)\u00a0presentar a la Comisi\u00f3n Directiva balances mensuales y preparar, anualmente, el Balance General, Cuenta de Gastos\u00a0 y Recursos e Inventario correspondiente al ejercicio vencido, que previa aprobaci\u00f3n de la Comisi\u00f3n Directiva, ser\u00e1n\u00a0 sometidos a la asamblea ordinaria;<\/li>\n<li>e)\u00a0firmar con el Presidente los recibos y dem\u00e1s documentos de Tesorer\u00eda efectuando los pagos resueltos por la Comisi\u00f3n Directiva;<\/li>\n<li>f)\u00a0depositar en una asociaci\u00f3n bancaria a nombre de la Asociaci\u00f3n y a la orden indistinta del Presidente o Tesorero,\u00a0 los fondos ingresados a la caja social, pudiendo retener en la misma la suma que la Comisi\u00f3n Directiva determine;<\/li>\n<li>g)\u00a0dar cuenta del estado econ\u00f3mico de la entidad a la Comisi\u00f3n Directiva y al \u00d3rgano de Fiscalizaci\u00f3n toda vez que se le exija.<\/li>\n<\/ul>\n<p><div class=\"fusion-alignleft\"><a class=\"fusion-button button-flat fusion-button-default-size button-#ffffff fusion-button-#ffffff button-18 fusion-button-default-span \" target=\"_self\" href=\"#top\"><i class=\" fa fa-chevron-circle-up button-icon-left\" aria-hidden=\"true\"><\/i><span class=\"fusion-button-text\">SUBIR<\/span><\/a><\/div>\n<div class=\"fusion-menu-anchor\" id=\"cap8\"><\/div><div class=\"fusion-sep-clear\"><\/div><div class=\"fusion-separator fusion-full-width-sep\" style=\"margin-left: auto;margin-right: auto;margin-top:20px;margin-bottom:0px;width:100%;\"><\/div><div class=\"fusion-sep-clear\"><\/div><div class=\"fusion-section-separator section-separator triangle fusion-section-separator-8\" style=\"--awb-border-bottom:1px solid #ededed;--awb-spacer-height:1px;--awb-svg-margin-left:0;--awb-svg-margin-right:0;--awb-icon-color:#ffffff;\"><div class=\"fusion-section-separator-svg\"><div class=\"divider-candy-arrow bottom\" style=\"top:0px;border-top-color: #ededed;\"><\/div><div class=\"divider-candy bottom\" style=\"bottom:-21px;border-bottom:1px solid #ededed;border-left:1px solid #ededed;\"><\/div><\/div><div class=\"fusion-section-separator-spacer\"><div class=\"fusion-section-separator-spacer-height\"><\/div><\/div><\/div><div class=\"fusion-sep-clear\"><\/div><div class=\"fusion-separator fusion-full-width-sep\" style=\"margin-left: auto;margin-right: auto;margin-top:20px;margin-bottom:0px;width:100%;\"><\/div><div class=\"fusion-sep-clear\"><\/div><\/p>\n<h2>CAP\u00cdTULO VIII<\/h2>\n<h3>De los vocales titulares y suplentes<\/h3>\n<p><strong><span style=\"color: #000000;\">Art\u00edculo 20 &#8211;\u00a0<\/span><\/strong>Corresponde a los vocales titulares:<\/p>\n<ul>\n<li>a)\u00a0asistir a las asambleas y reuniones de la Comisi\u00f3n Directiva con voz y voto;<\/li>\n<li>b)\u00a0desempe\u00f1ar comisiones y tareas que la Comisi\u00f3n Directiva les conf\u00ede.<\/li>\n<\/ul>\n<p>Corresponde a los Vocales Suplentes:<\/p>\n<ul>\n<li>a)\u00a0entrar a formar parte de la Comisi\u00f3n Directiva en las condiciones previstas en este estatuto;<\/li>\n<li>b)\u00a0podr\u00e1n concurrir a las sesiones de la Comisi\u00f3n Directiva con derecho a voz pero no a voto. No ser\u00e1 computable\u00a0 su asistencia a los efectos del quorum.<\/li>\n<\/ul>\n<p><div class=\"fusion-alignleft\"><a class=\"fusion-button button-flat fusion-button-default-size button-#ffffff fusion-button-#ffffff button-19 fusion-button-default-span \" target=\"_self\" href=\"#top\"><i class=\" fa fa-chevron-circle-up button-icon-left\" aria-hidden=\"true\"><\/i><span class=\"fusion-button-text\">SUBIR<\/span><\/a><\/div>\n<div class=\"fusion-menu-anchor\" id=\"cap9\"><\/div><div class=\"fusion-sep-clear\"><\/div><div class=\"fusion-separator fusion-full-width-sep\" style=\"margin-left: auto;margin-right: auto;margin-top:20px;margin-bottom:0px;width:100%;\"><\/div><div class=\"fusion-sep-clear\"><\/div><div class=\"fusion-section-separator section-separator triangle fusion-section-separator-9\" style=\"--awb-border-bottom:1px solid #ededed;--awb-spacer-height:1px;--awb-svg-margin-left:0;--awb-svg-margin-right:0;--awb-icon-color:#ffffff;\"><div class=\"fusion-section-separator-svg\"><div class=\"divider-candy-arrow bottom\" style=\"top:0px;border-top-color: #ededed;\"><\/div><div class=\"divider-candy bottom\" style=\"bottom:-21px;border-bottom:1px solid #ededed;border-left:1px solid #ededed;\"><\/div><\/div><div class=\"fusion-section-separator-spacer\"><div class=\"fusion-section-separator-spacer-height\"><\/div><\/div><\/div><div class=\"fusion-sep-clear\"><\/div><div class=\"fusion-separator fusion-full-width-sep\" style=\"margin-left: auto;margin-right: auto;margin-top:20px;margin-bottom:0px;width:100%;\"><\/div><div class=\"fusion-sep-clear\"><\/div><\/p>\n<h2>CAP\u00cdTULO IX<\/h2>\n<h3>Asambleas<\/h3>\n<p><strong><span style=\"color: #000000;\">Art\u00edculo 21 &#8211;<\/span><\/strong>\u00a0Habr\u00e1 dos clases de asambleas generales: Ordinarias y Extraordinarias. Las Asambleas Ordinarias tendr\u00e1n lugar una vez por a\u00f1o, dentro de los primeros cuatro meses posteriores al cierre del ejercicio cuya fecha clausura el 31 de julio\u00a0 de cada a\u00f1o y en ellas se deber\u00e1:<\/p>\n<ul>\n<li>a)\u00a0considerar, aprobar o modificar la Memoria, Balance General, Inventario, Cuenta de Gastos y Recursos e informe del\u00a0 \u00d3rgano de Fiscalizaci\u00f3n;<\/li>\n<li>b)\u00a0elegir, en su caso, los miembros de los \u00f3rganos sociales, titulares y suplentes;<\/li>\n<li>c)\u00a0fijar la cuota social y determinar las pautas para su actualizaci\u00f3n, las que ser\u00e1n instrumentadas por la Comisi\u00f3n Directiva;<\/li>\n<li>d)\u00a0tratar cualquier otro asunto incluido en el orden del d\u00eda;<\/li>\n<li>e)\u00a0tratar los asuntos propuestos por un m\u00ednimo del 5% de los socios y presentados a la Comisi\u00f3n Directiva dentro de los\u00a0 30 d\u00edas de cerrado el ejercicio anual.<\/li>\n<\/ul>\n<p><strong><span style=\"color: #000000;\">Art\u00edculo 22 &#8211;<\/span><\/strong>\u00a0Las Asambleas Extraordinarias ser\u00e1n convocadas siempre que la Comisi\u00f3n Directiva lo estime necesario,\u00a0 o cuando lo solicite el \u00d3rgano de Fiscalizaci\u00f3n o el 5% de los socios con derecho a voto. Estos pedidos deber\u00e1n ser resueltos dentro de un t\u00e9rmino de 10 d\u00edas y celebrarse la Asamblea dentro del plazo de 30 d\u00edas;\u00a0 si no se tomase en consideraci\u00f3n la solicitud o se negare infundadamente, podr\u00e1 requerirse en los mismos t\u00e9rminos y\u00a0 procedimiento al \u00d3rgano de Fiscalizaci\u00f3n, quien la convocar\u00e1 o se proceder\u00e1 de conformidad con lo que determine el art\u00edculo\u00a0 10 inciso i de la Ley 22.315 o norma que en el futuro la reemplace.<\/p>\n<p><strong><span style=\"color: #000000;\">Art\u00edculo 23 &#8211;\u00a0<\/span><\/strong>Las asambleas se convocar\u00e1n por circulares remitidas al domicilio de los socios con por lo menos 20 d\u00edas\u00a0 de anticipaci\u00f3n. Con la misma antelaci\u00f3n deber\u00e1 ponerse a consideraci\u00f3n de los socios la Memoria, Balance General,\u00a0 Inventario, Cuenta de Gastos y Recursos e Informe del \u00d3rgano de Fiscalizaci\u00f3n.\u00a0 Cuando se sometan a consideraci\u00f3n de la asamblea reformas al estatuto o reglamentos, el proyecto de las mismas\u00a0 deber\u00e1 ponerse a disposici\u00f3n de los socios con id\u00e9ntico plazo.En las asambleas no podr\u00e1n tratarse otros asuntos que los incluidos expresamente en el Orden del D\u00eda, salvo que\u00a0 se encuentren presentes la totalidad de los asociados con derecho a voto, y se votare por unanimidad la\u00a0 incorporaci\u00f3n del tema.<\/p>\n<p><strong><span style=\"color: #000000;\">Art\u00edculo 24 &#8211;<\/span><\/strong>\u00a0Las asambleas se celebrar\u00e1n v\u00e1lidamente, a\u00fan en los casos de reforma del Estatuto y de disoluci\u00f3n social,\u00a0 sea cual fuere el n\u00famero de socios concurrentes, media hora despu\u00e9s de fijada la convocatoria, si antes no se hubiera reunido\u00a0 la mayor\u00eda absoluta de los socios con derecho a voto. Ser\u00e1n presididas por el Presidente de la entidad o, en su defecto, por quien la asamblea designe por mayor\u00eda simple de\u00a0 votos emitidos. Quien ejerza la Presidencia s\u00f3lo tendr\u00e1 voto en caso de empate.<\/p>\n<p><strong><span style=\"color: #000000;\">Art\u00edculo 25 &#8211;<\/span><\/strong>\u00a0Las resoluciones se adoptar\u00e1n por mayor\u00eda absoluta de votos emitidos, salvo cuando este Estatuto se\u00a0 refiera expresamente a otras mayor\u00edas. Ning\u00fan socio podr\u00e1 tener m\u00e1s de un voto y los miembros de la Comisi\u00f3n Directiva y\u00a0 \u00d3rgano de Fiscalizaci\u00f3n no podr\u00e1n votar en asuntos relacionados con su gesti\u00f3n. Los socios que se incorporen una vez iniciado el acto s\u00f3lo tendr\u00e1n voto en los puntos a\u00fan no resueltos.<\/p>\n<p><strong><span style=\"color: #000000;\">Art\u00edculo 26 &#8211;\u00a0<\/span><\/strong>Con la anticipaci\u00f3n prevista por elart\u00edculo 23 se pondr\u00e1n en exhibici\u00f3n de los asociados el padr\u00f3n de los queest\u00e1n en condiciones de intervenir, quienes podr\u00e1n efectuar reclamos hasta5 d\u00edas antes del acto, los que deber\u00e1n resolverse dentro de los 2 d\u00edas siguientes. No se excluir\u00e1 del padr\u00f3n a quienes, pese a no estar al d\u00eda con Tesorer\u00eda,no hubieran sido efectivamente cesanteados. Ello sin perjuicio de priv\u00e1rselede su participaci\u00f3n en la asamblea si no saldan la deuda pendiente, hastael momento del inicio de la misma.<\/p>\n<p><div class=\"fusion-alignleft\"><a class=\"fusion-button button-flat fusion-button-default-size button-#ffffff fusion-button-#ffffff button-20 fusion-button-default-span \" target=\"_self\" href=\"#top\"><i class=\" fa fa-chevron-circle-up button-icon-left\" aria-hidden=\"true\"><\/i><span class=\"fusion-button-text\">SUBIR<\/span><\/a><\/div>\n<div class=\"fusion-menu-anchor\" id=\"cap10\"><\/div><div class=\"fusion-sep-clear\"><\/div><div class=\"fusion-separator fusion-full-width-sep\" style=\"margin-left: auto;margin-right: auto;margin-top:20px;margin-bottom:0px;width:100%;\"><\/div><div class=\"fusion-sep-clear\"><\/div><div class=\"fusion-section-separator section-separator triangle fusion-section-separator-10\" style=\"--awb-border-bottom:1px solid #ededed;--awb-spacer-height:1px;--awb-svg-margin-left:0;--awb-svg-margin-right:0;--awb-icon-color:#ffffff;\"><div class=\"fusion-section-separator-svg\"><div class=\"divider-candy-arrow bottom\" style=\"top:0px;border-top-color: #ededed;\"><\/div><div class=\"divider-candy bottom\" style=\"bottom:-21px;border-bottom:1px solid #ededed;border-left:1px solid #ededed;\"><\/div><\/div><div class=\"fusion-section-separator-spacer\"><div class=\"fusion-section-separator-spacer-height\"><\/div><\/div><\/div><div class=\"fusion-sep-clear\"><\/div><div class=\"fusion-separator fusion-full-width-sep\" style=\"margin-left: auto;margin-right: auto;margin-top:20px;margin-bottom:0px;width:100%;\"><\/div><div class=\"fusion-sep-clear\"><\/div><\/p>\n<h2>CAP\u00cdTULO X<\/h2>\n<h3>De la Revista<\/h3>\n<p><strong><span style=\"color: #000000;\">Art\u00edculo 27 &#8211;<\/span><\/strong>\u00a0La Asociaci\u00f3n editar\u00e1 una revista que ser\u00e1 su publicaci\u00f3n oficial. La mencionada publicaci\u00f3n se regir\u00e1 por normas ad-hoc elaboradas por la Comisi\u00f3n Directiva.<\/p>\n<p><strong><span style=\"color: #000000;\">Art\u00edculo 28 &#8211;\u00a0<\/span><\/strong>La publicaci\u00f3n de la Asociaci\u00f3n estar\u00e1 a cargo de un Comit\u00e9 de Publicaciones compuesto por tres miembros designados por la Comisi\u00f3n Directiva, al menos dos de los cuales deber\u00e1n pertenecer a la Comisi\u00f3n Directiva.<\/p>\n<p><strong><span style=\"color: #000000;\">Art\u00edculo 29 &#8211;<\/span><\/strong>\u00a0La subcomisi\u00f3n de publicaciones ser\u00e1 presidida por uno de sus miembros, nombrado por la Comisi\u00f3n Directiva como Editor de la Revista.<\/p>\n<p><div class=\"fusion-alignleft\"><a class=\"fusion-button button-flat fusion-button-default-size button-#ffffff fusion-button-#ffffff button-21 fusion-button-default-span \" target=\"_self\" href=\"#top\"><i class=\" fa fa-chevron-circle-up button-icon-left\" aria-hidden=\"true\"><\/i><span class=\"fusion-button-text\">SUBIR<\/span><\/a><\/div>\n<div class=\"fusion-menu-anchor\" id=\"cap11\"><\/div><div class=\"fusion-sep-clear\"><\/div><div class=\"fusion-separator fusion-full-width-sep\" style=\"margin-left: auto;margin-right: auto;margin-top:20px;margin-bottom:0px;width:100%;\"><\/div><div class=\"fusion-sep-clear\"><\/div><div class=\"fusion-section-separator section-separator triangle fusion-section-separator-11\" style=\"--awb-border-bottom:1px solid #ededed;--awb-spacer-height:1px;--awb-svg-margin-left:0;--awb-svg-margin-right:0;--awb-icon-color:#ffffff;\"><div class=\"fusion-section-separator-svg\"><div class=\"divider-candy-arrow bottom\" style=\"top:0px;border-top-color: #ededed;\"><\/div><div class=\"divider-candy bottom\" style=\"bottom:-21px;border-bottom:1px solid #ededed;border-left:1px solid #ededed;\"><\/div><\/div><div class=\"fusion-section-separator-spacer\"><div class=\"fusion-section-separator-spacer-height\"><\/div><\/div><\/div><div class=\"fusion-sep-clear\"><\/div><div class=\"fusion-separator fusion-full-width-sep\" style=\"margin-left: auto;margin-right: auto;margin-top:20px;margin-bottom:0px;width:100%;\"><\/div><div class=\"fusion-sep-clear\"><\/div><\/p>\n<h2>CAP\u00cdTULO XI<\/h2>\n<h3>Disoluci\u00f3n y liquidaci\u00f3n<\/h3>\n<p><strong><span style=\"color: #000000;\">Art\u00edculo 30 &#8211;\u00a0<\/span><\/strong>La asamblea no podr\u00e1 decretar la disoluci\u00f3nde la Asociaci\u00f3n mientras haya 10 socios dispuestos a sostenerla. De hacerseefectiva la disoluci\u00f3n se designar\u00e1n los liquidadores que podr\u00e1n ser la mismaComisi\u00f3n Directiva o cualquier otra comisi\u00f3n de asociados que la asambleadesigne.<\/p>\n<p>El \u00d3rgano de Fiscalizaci\u00f3n deber\u00e1 vigilar las operaciones de liquidaci\u00f3n de la Asociaci\u00f3n. Una vez pagadas las deudas, el remanente de los bienes se destinar\u00e1 \u00edntegramente a C\u00e1ritas Argentina en la localidad de la ciudad de La Plata, distrito La Plata, instituci\u00f3n exenta de IVA e Impuesto a las Ganacias, o si \u00e9sta hubiese desaparecido, a la entidad exenta de IVA e Impuesto a las Ganancias que designe la Asamblea de disoluci\u00f3n.<\/p>\n<div class=\"fusion-alignleft\"><a class=\"fusion-button button-flat fusion-button-default-size button-#ffffff fusion-button-#ffffff button-22 fusion-button-default-span \" target=\"_self\" href=\"#top\"><i class=\" fa fa-chevron-circle-up button-icon-left\" aria-hidden=\"true\"><\/i><span class=\"fusion-button-text\">SUBIR<\/span><\/a><\/div>\n<\/div><div class=\"fusion-clearfix\"><\/div><\/div><\/div><\/div><\/div>\n","protected":false},"excerpt":{"rendered":"","protected":false},"author":2,"featured_media":0,"parent":0,"menu_order":0,"comment_status":"open","ping_status":"open","template":"","meta":{"footnotes":""},"class_list":["post-279","page","type-page","status-publish","hentry"],"_links":{"self":[{"href":"https:\/\/www.sedimentologia.org.ar\/spa\/wp-json\/wp\/v2\/pages\/279","targetHints":{"allow":["GET"]}}],"collection":[{"href":"https:\/\/www.sedimentologia.org.ar\/spa\/wp-json\/wp\/v2\/pages"}],"about":[{"href":"https:\/\/www.sedimentologia.org.ar\/spa\/wp-json\/wp\/v2\/types\/page"}],"author":[{"embeddable":true,"href":"https:\/\/www.sedimentologia.org.ar\/spa\/wp-json\/wp\/v2\/users\/2"}],"replies":[{"embeddable":true,"href":"https:\/\/www.sedimentologia.org.ar\/spa\/wp-json\/wp\/v2\/comments?post=279"}],"version-history":[{"count":32,"href":"https:\/\/www.sedimentologia.org.ar\/spa\/wp-json\/wp\/v2\/pages\/279\/revisions"}],"predecessor-version":[{"id":1412,"href":"https:\/\/www.sedimentologia.org.ar\/spa\/wp-json\/wp\/v2\/pages\/279\/revisions\/1412"}],"wp:attachment":[{"href":"https:\/\/www.sedimentologia.org.ar\/spa\/wp-json\/wp\/v2\/media?parent=279"}],"curies":[{"name":"wp","href":"https:\/\/api.w.org\/{rel}","templated":true}]}}