{"id":1934,"date":"2019-07-23T12:50:10","date_gmt":"2019-07-23T12:50:10","guid":{"rendered":"http:\/\/www.sedimentologia.org.ar\/spa\/?page_id=1934"},"modified":"2021-05-19T14:51:10","modified_gmt":"2021-05-19T14:51:10","slug":"xvii-ras","status":"publish","type":"page","link":"https:\/\/www.sedimentologia.org.ar\/spa\/xvii-ras\/","title":{"rendered":"XVII RAS"},"content":{"rendered":"<p><div class=\"fusion-fullwidth fullwidth-box fusion-builder-row-1 nonhundred-percent-fullwidth non-hundred-percent-height-scrolling\" style=\"--awb-border-radius-top-left:0px;--awb-border-radius-top-right:0px;--awb-border-radius-bottom-right:0px;--awb-border-radius-bottom-left:0px;--awb-flex-wrap:wrap;\" ><div class=\"fusion-builder-row fusion-row\"><div class=\"fusion-layout-column fusion_builder_column fusion-builder-column-0 fusion_builder_column_1_4 1_4 fusion-one-fourth fusion-column-first\" style=\"--awb-bg-size:cover;width:25%;width:calc(25% - ( ( 4% ) * 0.25 ) );margin-right: 4%;\"><div class=\"fusion-column-wrapper fusion-flex-column-wrapper-legacy\"><div class=\"fusion-image-element in-legacy-container\" style=\"--awb-caption-title-font-family:var(--h2_typography-font-family);--awb-caption-title-font-weight:var(--h2_typography-font-weight);--awb-caption-title-font-style:var(--h2_typography-font-style);--awb-caption-title-size:var(--h2_typography-font-size);--awb-caption-title-transform:var(--h2_typography-text-transform);--awb-caption-title-line-height:var(--h2_typography-line-height);--awb-caption-title-letter-spacing:var(--h2_typography-letter-spacing);\"><span class=\" fusion-imageframe imageframe-none imageframe-1 hover-type-none\"><img decoding=\"async\" width=\"489\" height=\"478\" title=\"XVII_RAS_logo\" src=\"https:\/\/www.sedimentologia.org.ar\/spa\/wp-content\/uploads\/2019\/07\/XVII_RAS_logo.png\" alt class=\"img-responsive wp-image-1948\" srcset=\"https:\/\/www.sedimentologia.org.ar\/spa\/wp-content\/uploads\/2019\/07\/XVII_RAS_logo-200x196.png 200w, https:\/\/www.sedimentologia.org.ar\/spa\/wp-content\/uploads\/2019\/07\/XVII_RAS_logo-400x391.png 400w, https:\/\/www.sedimentologia.org.ar\/spa\/wp-content\/uploads\/2019\/07\/XVII_RAS_logo.png 489w\" sizes=\"(max-width: 800px) 100vw, 400px\" \/><\/span><\/div><div class=\"fusion-text fusion-text-1\"><h3 style=\"text-align: center;\"><strong>Paran\u00e1, Entre R\u00edos<br \/>\n27-30 octubre, 2021<\/strong><\/h3>\n<\/div><div class=\"fusion-sep-clear\"><\/div><div class=\"fusion-separator fusion-full-width-sep\" style=\"margin-left: auto;margin-right: auto;margin-top:15px;margin-bottom:15px;width:100%;\"><\/div><div class=\"fusion-sep-clear\"><\/div><div class=\"fusion-content-boxes content-boxes columns row fusion-columns-1 fusion-columns-total-1 fusion-content-boxes-1 content-boxes-icon-on-top content-left\" style=\"--awb-backgroundcolor:rgba(142,204,77,0.28);--awb-margin-bottom:-30px;--awb-hover-accent-color:var(--awb-color4);--awb-circle-hover-accent-color:var(--awb-color4);--awb-item-margin-bottom:40px;\" data-animationOffset=\"top-into-view\"><div style=\"--awb-backgroundcolor:rgba(142,204,77,0.28);\" class=\"fusion-column content-box-column content-box-column content-box-column-1 col-lg-12 col-md-12 col-sm-12 fusion-content-box-hover content-box-column-last content-box-column-last-in-row\"><div class=\"col content-box-wrapper content-wrapper-background link-area-link-icon icon-hover-animation-fade\" data-animationOffset=\"top-into-view\"><div class=\"heading heading-with-icon icon-left\"><div class=\"icon\"><i style=\"border-color:#333333;border-width:1px;background-color:#333333;box-sizing:content-box;height:42px;width:42px;line-height:42px;border-radius:50%;font-size:21px;\" aria-hidden=\"true\" class=\"fontawesome-icon fa-file-alt far circle-yes\"><\/i><\/div><h2 class=\"content-box-heading\" style=\"--h2_typography-font-size:18px;line-height:23px;\">Presentaci\u00f3n de Res\u00famenes<\/h2><\/div><div class=\"fusion-clearfix\"><\/div><div class=\"content-container\">\n<p>La fecha l\u00edmite de env\u00edo de res\u00famenes es el<span style=\"color: #000000;\"><strong> 30 de julio de 2021.<\/strong><\/span> Normas editoriales en Presentaci\u00f3n de Res\u00famenes (<span style=\"color: #000000;\"><strong><a style=\"color: #000000;\" href=\"https:\/\/www.sedimentologia.org.ar\/spa\/presentacion-de-trabajos\/\">click aqu\u00ed<\/a><\/strong><\/span>).<\/p>\n<\/div><\/div><\/div><div class=\"fusion-clearfix\"><\/div><\/div><div class=\"fusion-flip-boxes flip-boxes row fusion-columns-1 flip-effect-classic\"><div class=\"fusion-flip-box-wrapper fusion-column col-lg-12 col-md-12 col-sm-12\"><div class=\"fusion-flip-box flip-right\" tabindex=\"0\"><div class=\"flip-box-inner-wrapper\"><div class=\"flip-box-front\" style=\"--awb-background-color-front:#a0ce4e;--awb-title-front-color:#ffffff;--awb-text-front-color:#ffffff;\"><div class=\"flip-box-front-inner\"><div class=\"flip-box-grafix flip-box-circle\"><i aria-hidden=\"true\" class=\"fa-file-pdf far\"><\/i><\/div><h2 class=\"flip-box-heading without-text\">Cuarta Circular<\/h2><\/div><\/div><div class=\"flip-box-back\" style=\"--awb-background-color-back:#666666;--awb-title-back-color:#a0ce4e;\"><div class=\"flip-box-back-inner\"><h3 class=\"flip-box-heading-back\">CUARTA CIRCULAR<\/h3><div class=\"fusion-button-wrapper\"><a class=\"fusion-button button-flat fusion-button-default-size button-default fusion-button-default button-1 fusion-button-default-span fusion-button-default-type\" target=\"_blank\" rel=\"noopener noreferrer\" href=\"https:\/\/www.sedimentologia.org.ar\/spa\/wp-content\/uploads\/2021\/05\/4ta-circular-XVIIRAS.pdf\"><span class=\"fusion-button-icon-divider button-icon-divider-left\"><i class=\" fa fa-file-pdf-o\" aria-hidden=\"true\"><\/i><\/span><span class=\"fusion-button-text fusion-button-text-left\"><strong>CLICK AQUI<\/strong><\/span><\/a><\/div><\/div><\/div><\/div><\/div><\/div><\/div><div class=\"clearfix\"><\/div><div class=\"fusion-title title fusion-title-1 sep-underline sep-solid fusion-title-text fusion-title-size-two\"><h2 class=\"fusion-title-heading title-heading-left\" style=\"margin:0;\"><p style=\"text-align: center;\">Organizan<\/p><\/h2><\/div><div class=\"fusion-text fusion-text-2\"><p style=\"text-align: center;\">Organizan la AAS y la Universidad Aut\u00f3noma de Entre Rios.<\/p>\n<p><img decoding=\"async\" class=\"alignnone size-full wp-image-1972 aligncenter\" src=\"https:\/\/www.sedimentologia.org.ar\/spa\/wp-content\/uploads\/2019\/07\/UADER_logo-ok.jpg\" alt=\"\" width=\"150\" height=\"109\" \/><\/p>\n<\/div><div class=\"fusion-sep-clear\"><\/div><div class=\"fusion-separator fusion-full-width-sep\" style=\"margin-left: auto;margin-right: auto;margin-top:10px;margin-bottom:10px;width:100%;\"><\/div><div class=\"fusion-sep-clear\"><\/div><div class=\"fusion-title title fusion-title-2 sep-underline sep-solid fusion-title-text fusion-title-size-two\"><h2 class=\"fusion-title-heading title-heading-left\" style=\"margin:0;\"><p style=\"text-align: center;\">Redes Sociales<\/p><\/h2><\/div><div class=\"aligncenter\"><div class=\"fusion-social-links fusion-social-links-1\" style=\"--awb-margin-top:0px;--awb-margin-right:0px;--awb-margin-bottom:0px;--awb-margin-left:0px;--awb-alignment:center;--awb-box-border-top:0px;--awb-box-border-right:0px;--awb-box-border-bottom:0px;--awb-box-border-left:0px;--awb-icon-colors-hover:rgba(190,189,189,0.8);--awb-box-colors-hover:rgba(232,232,232,0.8);--awb-box-border-color:var(--awb-color3);--awb-box-border-color-hover:var(--awb-color4);\"><div class=\"fusion-social-networks boxed-icons color-type-brand\"><div class=\"fusion-social-networks-wrapper\"><a class=\"fusion-social-network-icon fusion-tooltip fusion-facebook awb-icon-facebook\" style=\"color:#ffffff;font-size:16px;width:16px;background-color:#3b5998;border-color:#3b5998;border-radius:4px;\" data-placement=\"top\" data-title=\"Facebook\" data-toggle=\"tooltip\" title=\"Facebook\" aria-label=\"facebook\" target=\"_blank\" rel=\"noopener noreferrer\" href=\"https:\/\/www.facebook.com\/xviiras2020\"><\/a><a class=\"fusion-social-network-icon fusion-tooltip fusion-instagram awb-icon-instagram\" style=\"color:#ffffff;font-size:16px;width:16px;background-color:#c13584;border-color:#c13584;border-radius:4px;\" data-placement=\"top\" data-title=\"Instagram\" data-toggle=\"tooltip\" title=\"Instagram\" aria-label=\"instagram\" target=\"_blank\" rel=\"noopener noreferrer\" href=\"https:\/\/www.instagram.com\/xviiras2020\/\"><\/a><a class=\"fusion-social-network-icon fusion-tooltip fusion-twitter awb-icon-twitter\" style=\"color:#ffffff;font-size:16px;width:16px;background-color:#000000;border-color:#000000;border-radius:4px;\" data-placement=\"top\" data-title=\"X\" data-toggle=\"tooltip\" title=\"X\" aria-label=\"twitter\" target=\"_blank\" rel=\"noopener noreferrer\" href=\"https:\/\/twitter.com\/xviiras2020\"><\/a><a class=\"fusion-social-network-icon fusion-tooltip fusion-mail awb-icon-mail\" style=\"color:#ffffff;font-size:16px;width:16px;background-color:#000000;border-color:#000000;border-radius:4px;\" data-placement=\"top\" data-title=\"Correo electr\u00f3nico\" data-toggle=\"tooltip\" title=\"Correo electr\u00f3nico\" aria-label=\"mail\" target=\"_blank\" rel=\"noopener noreferrer\" href=\"mailto:&#120;&#118;&#105;iras2&#048;&#050;&#048;&#064;&#103;&#109;&#097;il.&#099;&#111;&#109;\"><\/a><\/div><\/div><\/div><\/div><div class=\"fusion-clearfix\"><\/div><\/div><\/div><div class=\"fusion-layout-column fusion_builder_column fusion-builder-column-1 fusion_builder_column_3_4 3_4 fusion-three-fourth fusion-column-last\" style=\"--awb-bg-size:cover;--awb-margin-top:-20px;width:75%;width:calc(75% - ( ( 4% ) * 0.75 ) );\"><div class=\"fusion-column-wrapper fusion-flex-column-wrapper-legacy\"><div class=\"fusion-text fusion-text-3\"><h1 class=\"title-heading-left\">XVII Reuni\u00f3n Argentina de Sedimentolog\u00eda<br \/>\n<b>Sedimentolog\u00eda, energ\u00eda y ambiente<br \/>\n<\/b><em>Explorando nuevos escenarios<\/em><\/h1>\n<p><span style=\"color: #000000;\"><strong>Tenemos el agrado de invitarlos\/as a participar de la XVII RAS.<\/strong> <\/span>Este prestigioso evento cient\u00edfico se realiza cada dos a\u00f1os en Argentina desde el a\u00f1o 1986. Re\u00fane a los especialistas m\u00e1s reconocidos a nivel nacional e internacional, generando un \u00e1mbito propicio para intercambiar conocimientos y coordinar acciones conjuntas entre profesionales del \u00e1mbito cient\u00edfico, acad\u00e9mico y la industria, estudiantes, y las distintas instituciones vinculadas con las \u00e1reas de educaci\u00f3n, desarrollo cient\u00edfico, industrial y tur\u00edstico.<\/p>\n<p><span style=\"color: #000000;\"><strong>El evento se desarrollar\u00e1 en simult\u00e1neo con la octava edici\u00f3n del Congreso Latinoamericano de Sedimentolog\u00eda (VIII CLS).<\/strong><\/span><\/p>\n<p><span style=\"color: #000000;\"><strong>Tiene como principal objetivo dar a conocer los avances cient\u00edficos realizados en el campo de la sedimentolog\u00eda y la estratigraf\u00eda aplicada al an\u00e1lisis de cuencas sedimentarias.<\/strong><\/span> Esta edici\u00f3n se llevar\u00e1 a cabo por primera vez en la regi\u00f3n nordeste del pa\u00eds, representando la Mesopotamia Argentina, Chaco y Pampa Norte. La situaci\u00f3n geogr\u00e1fica privilegiada de la ciudad sede del evento sobre la margen izquierda del r\u00edo Paran\u00e1 resulta muy favorable para la organizaci\u00f3n de excursiones cient\u00edficas intra-congreso por v\u00eda acu\u00e1tica y terrestre.<\/p>\n<p><span style=\"color: #000000;\"><strong>NUEVA MODALIDAD<\/strong><\/span><\/p>\n<p>Considerando la compleja situaci\u00f3n sanitaria por la que atraviesa el pa\u00eds y el mundo,<span style=\"color: #000000;\"><strong> la reuni\u00f3n tendr\u00e1 un formato flexible, de tipo reuni\u00f3n h\u00edbrida con presentaciones presenciales y virtuales simult\u00e1neas y asincr\u00f3nicas,<\/strong><\/span> que garantizar\u00e1n un espacio de comunicaci\u00f3n y discusi\u00f3n de los avances en investigaci\u00f3n. Su puesta en marcha (dise\u00f1o de una plataforma del evento, programa de sesiones y conferencias online, eposters, talleres y cursos dictados de manera virtual) representan un nuevo desaf\u00edo y un esfuerzo extra del comit\u00e9 organizador. Se intentar\u00e1 lograr la m\u00e1xima participaci\u00f3n de colegas de Argentina y pa\u00edses latinoamericanos, mediante una modalidad que permita adecuarnos a la situaci\u00f3n de octubre de 2021, respetando la elecci\u00f3n de los participantes del modo de contribuci\u00f3n. La modalidad virtual adem\u00e1s permitir\u00e1 contar con conferencias de destacados sediment\u00f3logos del hemisferio norte.<\/p>\n<\/div><div class=\"fusion-sep-clear\"><\/div><div class=\"fusion-separator fusion-full-width-sep\" style=\"margin-left: auto;margin-right: auto;margin-top:10px;margin-bottom:10px;width:100%;\"><\/div><div class=\"fusion-sep-clear\"><\/div><div class=\"fusion-title title fusion-title-3 sep-underline sep-solid fusion-title-text fusion-title-size-two\"><h2 class=\"fusion-title-heading title-heading-left\" style=\"margin:0;\">Comit\u00e9 Organizador<\/h2><\/div><div class=\"fusion-text fusion-text-4\"><p><span style=\"color: #000000;\"><strong>Presidente:<\/strong><\/span> Dr. Ernesto Brunetto (CICyTTP-CONICET\u2013UADER)<br \/>\n<span style=\"color: #000000;\"><strong>Vice-Presidente:<\/strong> <\/span>Dra. Daniela Kr\u00f6hling (CONICET \u2013 UNL)<br \/>\n<span style=\"color: #000000;\"><strong>Secretario:<\/strong> <\/span>Lic. Javier Soffiantini (CICyTTP-CONICET \u2013 UADER)<br \/>\n<span style=\"color: #000000;\"><strong>Tesoreros:<\/strong><\/span> CPN Gabriel R\u00edos (UADER) &#8211; Pamela Uhrig (UADER-CICyTTP)<\/p>\n<\/div><div class=\"fusion-sep-clear\"><\/div><div class=\"fusion-separator fusion-full-width-sep\" style=\"margin-left: auto;margin-right: auto;margin-top:10px;margin-bottom:10px;width:100%;\"><\/div><div class=\"fusion-sep-clear\"><\/div><div class=\"fusion-title title fusion-title-4 sep-underline sep-solid fusion-title-text fusion-title-size-two\"><h2 class=\"fusion-title-heading title-heading-left\" style=\"margin:0;\">Vocales<\/h2><\/div><div class=\"fusion-text fusion-text-5\"><p>Dra. Brenda Ferrero (CICyTTP-CONICET \u2013 UADER)<br \/>\nGe\u00f3l. Bel\u00e9n Thalmeier (CONICET \u2013 UADER)<br \/>\nLic. Oscar Pedersen (CICyTTP-CONICET \u2013 UADER)<br \/>\nDra. Jimena Rold\u00e1n (CONICET \u2013 UNL)<br \/>\nLic. Ver\u00f3nica Duran (UNL).<\/p>\n<\/div><div class=\"fusion-sep-clear\"><\/div><div class=\"fusion-separator fusion-full-width-sep\" style=\"margin-left: auto;margin-right: auto;margin-top:10px;margin-bottom:10px;width:100%;\"><\/div><div class=\"fusion-sep-clear\"><\/div><div class=\"fusion-title title fusion-title-5 sep-underline sep-solid fusion-title-text fusion-title-size-two\"><h2 class=\"fusion-title-heading title-heading-left\" style=\"margin:0;\">Colaboradores<\/h2><\/div><div class=\"fusion-text fusion-text-6\"><p>MSc. Franco Sobrero (UNL)<br \/>\nLic. Francisco Cianfagna (CONICET)<br \/>\nEst. Ing. Rec. Hid. Daniela S\u00e1nchez (UNL)<br \/>\nDra. Noelia Nu\u00f1ez Ota\u00f1o (UADER-CONICET)<br \/>\nLic. Vanesa Cuello (UADER)<br \/>\nLic. Nadia Bilat (UADER)<br \/>\nCPN Julian Haiek (UADER)<br \/>\nEst. Geol. Candela Costa (UNC)<br \/>\nT\u00e9cn. M. Griselda Gottardi (CICyTTP-CONICET)<br \/>\nEstudiantes de Licenciatura en Biolog\u00eda y de Turismo (UADER)<\/p>\n<\/div><div class=\"fusion-sep-clear\"><\/div><div class=\"fusion-separator fusion-full-width-sep\" style=\"margin-left: auto;margin-right: auto;margin-top:10px;margin-bottom:10px;width:100%;\"><\/div><div class=\"fusion-sep-clear\"><\/div><div class=\"fusion-title title fusion-title-6 sep-underline sep-solid fusion-title-text fusion-title-size-two\"><h2 class=\"fusion-title-heading title-heading-left\" style=\"margin:0;\">Sede<\/h2><\/div><div class=\"fusion-text fusion-text-7\"><p><span style=\"color: #000000;\"><strong>Las sesiones presenciales se desarrollar\u00e1n en los salones del Centro Provincial de Convenciones (CPC) de la ciudad de Paran\u00e1, ubicado en el Parque Urquiza con muy buenas vistas del R\u00edo Paran\u00e1,<\/strong><\/span> y cercano a los centros comercial y c\u00edvico de la ciudad. Las sesiones se desarrollar\u00e1n siguiendo estrictamente los protocolos exigidos por las autoridades sanitarias y del CPC. Las sesiones presenciales tendr\u00e1n un aforo de 70 personas (sujeto a normas sanitarias vigentes en la fecha del evento).<\/p>\n<p><img decoding=\"async\" class=\"alignnone size-full wp-image-1984\" src=\"https:\/\/www.sedimentologia.org.ar\/spa\/wp-content\/uploads\/2019\/07\/wide.png\" alt=\"\" width=\"1920\" height=\"400\" srcset=\"https:\/\/www.sedimentologia.org.ar\/spa\/wp-content\/uploads\/2019\/07\/wide-200x42.png 200w, https:\/\/www.sedimentologia.org.ar\/spa\/wp-content\/uploads\/2019\/07\/wide-300x63.png 300w, https:\/\/www.sedimentologia.org.ar\/spa\/wp-content\/uploads\/2019\/07\/wide-400x83.png 400w, https:\/\/www.sedimentologia.org.ar\/spa\/wp-content\/uploads\/2019\/07\/wide-600x125.png 600w, https:\/\/www.sedimentologia.org.ar\/spa\/wp-content\/uploads\/2019\/07\/wide-768x160.png 768w, https:\/\/www.sedimentologia.org.ar\/spa\/wp-content\/uploads\/2019\/07\/wide-800x167.png 800w, https:\/\/www.sedimentologia.org.ar\/spa\/wp-content\/uploads\/2019\/07\/wide-1024x213.png 1024w, https:\/\/www.sedimentologia.org.ar\/spa\/wp-content\/uploads\/2019\/07\/wide-1200x250.png 1200w, https:\/\/www.sedimentologia.org.ar\/spa\/wp-content\/uploads\/2019\/07\/wide.png 1920w\" sizes=\"(max-width: 1920px) 100vw, 1920px\" \/><\/p>\n<p>Sitio web del Centro Provincial de Convenciones (CPC):<br \/>\n<a href=\"http:\/\/www.centrodeconvenciones.com.ar\" target=\"_blank\" rel=\"noopener noreferrer\">www.centrodeconvenciones.com.ar<\/a><\/p>\n<p><iframe style=\"border: 0;\" src=\"https:\/\/www.google.com\/maps\/embed?pb=!1m18!1m12!1m3!1d3393.7920397624866!2d-60.527976284844435!3d-31.721575281303565!2m3!1f0!2f0!3f0!3m2!1i1024!2i768!4f13.1!3m3!1m2!1s0x95b45265bb4158f5%3A0xc00a383eae482474!2zR3JhbC4gSm9zw6kgZGUgU2FuIE1hcnTDrW4gMTUsIFBhcmFuw6EsIEVudHJlIFLDrW9z!5e0!3m2!1ses!2sar!4v1563812968413!5m2!1ses!2sar\" width=\"100%\" height=\"350\" frameborder=\"0\" allowfullscreen=\"allowfullscreen\"><\/iframe><\/p>\n<\/div><div class=\"fusion-sep-clear\"><\/div><div class=\"fusion-separator fusion-full-width-sep\" style=\"margin-left: auto;margin-right: auto;margin-top:10px;margin-bottom:10px;width:100%;\"><\/div><div class=\"fusion-sep-clear\"><\/div><div class=\"fusion-title title fusion-title-7 sep-underline sep-solid fusion-title-text fusion-title-size-two\"><h2 class=\"fusion-title-heading title-heading-left\" style=\"margin:0;\">Correspondencia<\/h2><\/div><div class=\"fusion-text fusion-text-8\"><p>El email oficial es: <a href=\"mailto:xviiras2020@gmail.com\">xviiras2020@gmail.com<\/a><br \/>\nLa Secretar\u00eda queda a disposici\u00f3n para consultas o inquietudes en relaci\u00f3n al evento.<\/p>\n<\/div><div class=\"fusion-sep-clear\"><\/div><div class=\"fusion-separator fusion-full-width-sep\" style=\"margin-left: auto;margin-right: auto;margin-top:10px;margin-bottom:10px;width:100%;\"><\/div><div class=\"fusion-sep-clear\"><\/div><div class=\"fusion-title title fusion-title-8 sep-underline sep-solid fusion-title-text fusion-title-size-two\"><h2 class=\"fusion-title-heading title-heading-left\" style=\"margin:0;\">Seguinos en Redes Sociales<\/h2><\/div><div class=\"fusion-social-links fusion-social-links-2\" style=\"--awb-margin-top:0px;--awb-margin-right:0px;--awb-margin-bottom:0px;--awb-margin-left:0px;--awb-box-border-top:0px;--awb-box-border-right:0px;--awb-box-border-bottom:0px;--awb-box-border-left:0px;--awb-icon-colors-hover:rgba(190,189,189,0.8);--awb-box-colors-hover:rgba(232,232,232,0.8);--awb-box-border-color:var(--awb-color3);--awb-box-border-color-hover:var(--awb-color4);\"><div class=\"fusion-social-networks boxed-icons color-type-brand\"><div class=\"fusion-social-networks-wrapper\"><a class=\"fusion-social-network-icon fusion-tooltip fusion-facebook awb-icon-facebook\" style=\"color:#ffffff;font-size:16px;width:16px;background-color:#3b5998;border-color:#3b5998;border-radius:4px;\" data-placement=\"top\" data-title=\"Facebook\" data-toggle=\"tooltip\" title=\"Facebook\" aria-label=\"facebook\" target=\"_blank\" rel=\"noopener noreferrer\" href=\"https:\/\/www.facebook.com\/xviiras2020\"><\/a><a class=\"fusion-social-network-icon fusion-tooltip fusion-instagram awb-icon-instagram\" style=\"color:#ffffff;font-size:16px;width:16px;background-color:#c13584;border-color:#c13584;border-radius:4px;\" data-placement=\"top\" data-title=\"Instagram\" data-toggle=\"tooltip\" title=\"Instagram\" aria-label=\"instagram\" target=\"_blank\" rel=\"noopener noreferrer\" href=\"https:\/\/www.instagram.com\/xviiras2020\/\"><\/a><a class=\"fusion-social-network-icon fusion-tooltip fusion-twitter awb-icon-twitter\" style=\"color:#ffffff;font-size:16px;width:16px;background-color:#000000;border-color:#000000;border-radius:4px;\" data-placement=\"top\" data-title=\"X\" data-toggle=\"tooltip\" title=\"X\" aria-label=\"twitter\" target=\"_blank\" rel=\"noopener noreferrer\" href=\"https:\/\/twitter.com\/xviiras2020\"><\/a><a class=\"fusion-social-network-icon fusion-tooltip fusion-mail awb-icon-mail\" style=\"color:#ffffff;font-size:16px;width:16px;background-color:#000000;border-color:#000000;border-radius:4px;\" data-placement=\"top\" data-title=\"Correo electr\u00f3nico\" data-toggle=\"tooltip\" title=\"Correo electr\u00f3nico\" aria-label=\"mail\" target=\"_blank\" rel=\"noopener noreferrer\" href=\"mailto:&#120;v&#105;&#105;&#114;a&#115;202&#048;&#064;gma&#105;l.&#099;&#111;&#109;\"><\/a><\/div><\/div><\/div><div class=\"fusion-clearfix\"><\/div><\/div><\/div><\/div><\/div><div class=\"fusion-fullwidth fullwidth-box fusion-builder-row-2 nonhundred-percent-fullwidth non-hundred-percent-height-scrolling fusion-equal-height-columns\" style=\"--awb-border-radius-top-left:0px;--awb-border-radius-top-right:0px;--awb-border-radius-bottom-right:0px;--awb-border-radius-bottom-left:0px;--awb-flex-wrap:wrap;\" ><div class=\"fusion-builder-row fusion-row\"><div class=\"fusion-layout-column fusion_builder_column fusion-builder-column-2 fusion_builder_column_1_1 1_1 fusion-one-full fusion-column-first fusion-column-last\" style=\"--awb-bg-size:cover;\"><div class=\"fusion-column-wrapper fusion-flex-column-wrapper-legacy\"><div class=\"fusion-column-content-centered\"><div class=\"fusion-column-content\"><div class=\"fusion-sep-clear\"><\/div><div class=\"fusion-separator fusion-full-width-sep\" style=\"margin-left: auto;margin-right: auto;margin-top:10px;margin-bottom:10px;width:100%;\"><\/div><div class=\"fusion-sep-clear\"><\/div><div class=\"fusion-title title fusion-title-9 sep-underline sep-solid fusion-title-text fusion-title-size-two\"><h2 class=\"fusion-title-heading title-heading-left\" style=\"margin:0;\">Sponsors<\/h2><\/div><\/div><\/div><div class=\"fusion-clearfix\"><\/div><\/div><\/div><\/div><\/div><div class=\"fusion-fullwidth fullwidth-box fusion-builder-row-3 nonhundred-percent-fullwidth non-hundred-percent-height-scrolling fusion-equal-height-columns\" style=\"--awb-border-radius-top-left:0px;--awb-border-radius-top-right:0px;--awb-border-radius-bottom-right:0px;--awb-border-radius-bottom-left:0px;--awb-flex-wrap:wrap;\" ><div class=\"fusion-builder-row fusion-row\"><div class=\"fusion-layout-column fusion_builder_column fusion-builder-column-3 fusion_builder_column_1_5 1_5 fusion-one-fifth fusion-column-first\" style=\"--awb-bg-size:cover;width:20%;width:calc(20% - ( ( 4% + 4% + 4% + 4% ) * 0.2 ) );margin-right: 4%;\"><div class=\"fusion-column-wrapper fusion-flex-column-wrapper-legacy\"><div class=\"fusion-column-content-centered\"><div class=\"fusion-column-content\"><div class=\"fusion-image-element fusion-image-align-center in-legacy-container\" style=\"text-align:center;--awb-caption-title-font-family:var(--h2_typography-font-family);--awb-caption-title-font-weight:var(--h2_typography-font-weight);--awb-caption-title-font-style:var(--h2_typography-font-style);--awb-caption-title-size:var(--h2_typography-font-size);--awb-caption-title-transform:var(--h2_typography-text-transform);--awb-caption-title-line-height:var(--h2_typography-line-height);--awb-caption-title-letter-spacing:var(--h2_typography-letter-spacing);\"><div class=\"imageframe-align-center\"><span class=\" fusion-imageframe imageframe-none imageframe-2 hover-type-none\"><img decoding=\"async\" width=\"190\" height=\"71\" title=\"logoCiC-ok\" src=\"https:\/\/www.sedimentologia.org.ar\/spa\/wp-content\/uploads\/2019\/07\/logoCiC-ok.png\" alt class=\"img-responsive wp-image-1974\"\/><\/span><\/div><\/div><div class=\"fusion-sep-clear\"><\/div><div class=\"fusion-separator fusion-full-width-sep\" style=\"margin-left: auto;margin-right: auto;margin-top:20px;width:100%;\"><\/div><div class=\"fusion-sep-clear\"><\/div><\/div><\/div><div class=\"fusion-clearfix\"><\/div><\/div><\/div><div class=\"fusion-layout-column fusion_builder_column fusion-builder-column-4 fusion_builder_column_1_5 1_5 fusion-one-fifth\" style=\"--awb-bg-size:cover;--awb-margin-top:-20px;width:20%;width:calc(20% - ( ( 4% + 4% + 4% + 4% ) * 0.2 ) );margin-right: 4%;\"><div class=\"fusion-column-wrapper fusion-flex-column-wrapper-legacy\"><div class=\"fusion-column-content-centered\"><div class=\"fusion-column-content\"><\/div><\/div><div class=\"fusion-clearfix\"><\/div><\/div><\/div><div class=\"fusion-layout-column fusion_builder_column fusion-builder-column-5 fusion_builder_column_1_5 1_5 fusion-one-fifth\" style=\"--awb-bg-size:cover;--awb-margin-top:-20px;width:20%;width:calc(20% - ( ( 4% + 4% + 4% + 4% ) * 0.2 ) );margin-right: 4%;\"><div class=\"fusion-column-wrapper fusion-flex-column-wrapper-legacy\"><div class=\"fusion-column-content-centered\"><div class=\"fusion-column-content\"><\/div><\/div><div class=\"fusion-clearfix\"><\/div><\/div><\/div><div class=\"fusion-layout-column fusion_builder_column fusion-builder-column-6 fusion_builder_column_1_5 1_5 fusion-one-fifth\" style=\"--awb-bg-size:cover;--awb-margin-top:-20px;width:20%;width:calc(20% - ( ( 4% + 4% + 4% + 4% ) * 0.2 ) );margin-right: 4%;\"><div class=\"fusion-column-wrapper fusion-flex-column-wrapper-legacy\"><div class=\"fusion-column-content-centered\"><div class=\"fusion-column-content\"><\/div><\/div><div class=\"fusion-clearfix\"><\/div><\/div><\/div><div class=\"fusion-layout-column fusion_builder_column fusion-builder-column-7 fusion_builder_column_1_5 1_5 fusion-one-fifth fusion-column-last\" style=\"--awb-bg-size:cover;--awb-margin-top:-20px;width:20%;width:calc(20% - ( ( 4% + 4% + 4% + 4% ) * 0.2 ) );\"><div class=\"fusion-column-wrapper fusion-flex-column-wrapper-legacy\"><div class=\"fusion-column-content-centered\"><div class=\"fusion-column-content\"><\/div><\/div><div class=\"fusion-clearfix\"><\/div><\/div><\/div><\/div><\/div><div class=\"fusion-fullwidth fullwidth-box fusion-builder-row-4 nonhundred-percent-fullwidth non-hundred-percent-height-scrolling\" style=\"--awb-border-radius-top-left:0px;--awb-border-radius-top-right:0px;--awb-border-radius-bottom-right:0px;--awb-border-radius-bottom-left:0px;--awb-flex-wrap:wrap;\" ><div class=\"fusion-builder-row fusion-row\"><div class=\"fusion-layout-column fusion_builder_column fusion-builder-column-8 fusion_builder_column_1_1 1_1 fusion-one-full fusion-column-first fusion-column-last\" style=\"--awb-bg-size:cover;\"><div class=\"fusion-column-wrapper fusion-flex-column-wrapper-legacy\"><div class=\"fusion-sep-clear\"><\/div><div class=\"fusion-separator fusion-full-width-sep\" style=\"margin-left: auto;margin-right: auto;margin-top:10px;margin-bottom:10px;width:100%;\"><div class=\"fusion-separator-border sep-single sep-solid\" style=\"--awb-height:20px;--awb-amount:20px;border-color:#e0dede;border-top-width:1px;\"><\/div><\/div><div class=\"fusion-sep-clear\"><\/div><div class=\"fusion-sep-clear\"><\/div><div class=\"fusion-separator fusion-full-width-sep\" style=\"margin-left: auto;margin-right: auto;margin-top:10px;margin-bottom:10px;width:100%;\"><\/div><div class=\"fusion-sep-clear\"><\/div><div class=\"fusion-sep-clear\"><\/div><div class=\"fusion-separator fusion-full-width-sep\" style=\"margin-left: auto;margin-right: auto;margin-top:10px;margin-bottom:10px;width:100%;\"><\/div><div class=\"fusion-sep-clear\"><\/div><div class=\"fusion-blog-shortcode fusion-blog-shortcode-1 fusion-blog-archive fusion-blog-layout-large-alternate fusion-blog-infinite fusion-blog-no-images\"><div class=\"fusion-posts-container fusion-posts-container-infinite\" data-pages=\"2\"><article id=\"blog-1-post-2407\" class=\"fusion-post-large-alternate post-2407 post type-post status-publish format-standard has-post-thumbnail hentry category-noticias category-xvii-ras\">\n<div class=\"fusion-date-and-formats\"><div class=\"fusion-date-box updated\"><span class=\"fusion-date\">22<\/span><span class=\"fusion-month-year\">12, 2021<\/span><\/div><div class=\"fusion-format-box\"><i class=\"awb-icon-pen\" aria-hidden=\"true\"><\/i><\/div><\/div><div class=\"fusion-post-content post-content\"><h2 class=\"blog-shortcode-post-title entry-title\"><a href=\"https:\/\/www.sedimentologia.org.ar\/spa\/anuncio-xviii-ras\/\">Anuncio XVIII RAS<\/a><\/h2><span class=\"vcard\" style=\"display: none;\"><span class=\"fn\"><a href=\"https:\/\/www.sedimentologia.org.ar\/spa\/author\/aas\/\" title=\"Entradas de AAS\" rel=\"author\">AAS<\/a><\/span><\/span><span class=\"updated\" style=\"display:none;\">2021-12-22T17:13:52+00:00<\/span><div class=\"fusion-post-content-container\"><p>La Comisi\u00f3n Directiva de la AAS da la bienvenida a la nueva Comisi\u00f3n Organizadora de la pr\u00f3xima RAS y agradece [...]<\/p><\/div><\/div><div class=\"fusion-clearfix\"><\/div><div class=\"fusion-meta-info\"><div class=\"fusion-alignright\"><a class=\"fusion-read-more\" href=\"https:\/\/www.sedimentologia.org.ar\/spa\/anuncio-xviii-ras\/\" aria-label=\"More on Anuncio XVIII RAS\">Read More<\/a><\/div><\/div><\/article>\n<article id=\"blog-1-post-2382\" class=\"fusion-post-large-alternate post-2382 post type-post status-publish format-standard hentry category-noticias category-xvii-ras\">\n<div class=\"fusion-date-and-formats\"><div class=\"fusion-date-box updated\"><span class=\"fusion-date\">24<\/span><span class=\"fusion-month-year\">10, 2021<\/span><\/div><div class=\"fusion-format-box\"><i class=\"awb-icon-pen\" aria-hidden=\"true\"><\/i><\/div><\/div><div class=\"fusion-post-content post-content\"><h2 class=\"blog-shortcode-post-title entry-title\"><a href=\"https:\/\/www.sedimentologia.org.ar\/spa\/xvii-ras-viii-cls-programa-cientifico\/\">XVII RAS -VIII CLS: Programa Cient\u00edfico<\/a><\/h2><span class=\"vcard\" style=\"display: none;\"><span class=\"fn\"><a href=\"https:\/\/www.sedimentologia.org.ar\/spa\/author\/aas\/\" title=\"Entradas de AAS\" rel=\"author\">AAS<\/a><\/span><\/span><span class=\"updated\" style=\"display:none;\">2021-10-24T15:43:02+00:00<\/span><div class=\"fusion-post-content-container\"><p><\/p><\/div><\/div><div class=\"fusion-clearfix\"><\/div><div class=\"fusion-meta-info\"><div class=\"fusion-alignright\"><a class=\"fusion-read-more\" href=\"https:\/\/www.sedimentologia.org.ar\/spa\/xvii-ras-viii-cls-programa-cientifico\/\" aria-label=\"More on XVII RAS -VIII CLS: Programa Cient\u00edfico\">Read More<\/a><\/div><\/div><\/article>\n<article id=\"blog-1-post-2380\" class=\"fusion-post-large-alternate post-2380 post type-post status-publish format-standard hentry category-noticias category-xvii-ras\">\n<div class=\"fusion-date-and-formats\"><div class=\"fusion-date-box updated\"><span class=\"fusion-date\">19<\/span><span class=\"fusion-month-year\">10, 2021<\/span><\/div><div class=\"fusion-format-box\"><i class=\"awb-icon-pen\" aria-hidden=\"true\"><\/i><\/div><\/div><div class=\"fusion-post-content post-content\"><h2 class=\"blog-shortcode-post-title entry-title\"><a href=\"https:\/\/www.sedimentologia.org.ar\/spa\/xvii-ras-viii-cls-programa-social\/\">XVII RAS -VIII CLS: Programa social<\/a><\/h2><span class=\"vcard\" style=\"display: none;\"><span class=\"fn\"><a href=\"https:\/\/www.sedimentologia.org.ar\/spa\/author\/aas\/\" title=\"Entradas de AAS\" rel=\"author\">AAS<\/a><\/span><\/span><span class=\"updated\" style=\"display:none;\">2021-10-19T19:15:44+00:00<\/span><div class=\"fusion-post-content-container\"><p><\/p><\/div><\/div><div class=\"fusion-clearfix\"><\/div><div class=\"fusion-meta-info\"><div class=\"fusion-alignright\"><a class=\"fusion-read-more\" href=\"https:\/\/www.sedimentologia.org.ar\/spa\/xvii-ras-viii-cls-programa-social\/\" aria-label=\"More on XVII RAS -VIII CLS: Programa social\">Read More<\/a><\/div><\/div><\/article>\n<article id=\"blog-1-post-2375\" class=\"fusion-post-large-alternate post-2375 post type-post status-publish format-standard hentry category-noticias category-xvii-ras\">\n<div class=\"fusion-date-and-formats\"><div class=\"fusion-date-box updated\"><span class=\"fusion-date\">19<\/span><span class=\"fusion-month-year\">10, 2021<\/span><\/div><div class=\"fusion-format-box\"><i class=\"awb-icon-pen\" aria-hidden=\"true\"><\/i><\/div><\/div><div class=\"fusion-post-content post-content\"><h2 class=\"blog-shortcode-post-title entry-title\"><a href=\"https:\/\/www.sedimentologia.org.ar\/spa\/xvii-ras-viii-cls-excursion-cientifica\/\">XVII RAS -VIII CLS: Excursi\u00f3n cient\u00edfica<\/a><\/h2><span class=\"vcard\" style=\"display: none;\"><span class=\"fn\"><a href=\"https:\/\/www.sedimentologia.org.ar\/spa\/author\/aas\/\" title=\"Entradas de AAS\" rel=\"author\">AAS<\/a><\/span><\/span><span class=\"updated\" style=\"display:none;\">2021-10-19T19:13:09+00:00<\/span><div class=\"fusion-post-content-container\"><p><\/p><\/div><\/div><div class=\"fusion-clearfix\"><\/div><div class=\"fusion-meta-info\"><div class=\"fusion-alignright\"><a class=\"fusion-read-more\" href=\"https:\/\/www.sedimentologia.org.ar\/spa\/xvii-ras-viii-cls-excursion-cientifica\/\" aria-label=\"More on XVII RAS -VIII CLS: Excursi\u00f3n cient\u00edfica\">Read More<\/a><\/div><\/div><\/article>\n<article id=\"blog-1-post-2371\" class=\"fusion-post-large-alternate post-2371 post type-post status-publish format-standard hentry category-noticias category-xvii-ras\">\n<div class=\"fusion-date-and-formats\"><div class=\"fusion-date-box updated\"><span class=\"fusion-date\">14<\/span><span class=\"fusion-month-year\">10, 2021<\/span><\/div><div class=\"fusion-format-box\"><i class=\"awb-icon-pen\" aria-hidden=\"true\"><\/i><\/div><\/div><div class=\"fusion-post-content post-content\"><h2 class=\"blog-shortcode-post-title entry-title\"><a href=\"https:\/\/www.sedimentologia.org.ar\/spa\/conferencia-plenaria-xvii-ras-viii-cls-6\/\">Conferencia Plenaria XVII RAS \u2013 VIII CLS<\/a><\/h2><span class=\"vcard\" style=\"display: none;\"><span class=\"fn\"><a href=\"https:\/\/www.sedimentologia.org.ar\/spa\/author\/aas\/\" title=\"Entradas de AAS\" rel=\"author\">AAS<\/a><\/span><\/span><span class=\"updated\" style=\"display:none;\">2021-10-14T15:38:26+00:00<\/span><div class=\"fusion-post-content-container\"><p>What does the rock record really record, and why does stratigraphic interpretation seem to work at all? Prof. Dr. John [...]<\/p><\/div><\/div><div class=\"fusion-clearfix\"><\/div><div class=\"fusion-meta-info\"><div class=\"fusion-alignright\"><a class=\"fusion-read-more\" href=\"https:\/\/www.sedimentologia.org.ar\/spa\/conferencia-plenaria-xvii-ras-viii-cls-6\/\" aria-label=\"More on Conferencia Plenaria XVII RAS \u2013 VIII CLS\">Read More<\/a><\/div><\/div><\/article>\n<article id=\"blog-1-post-2368\" class=\"fusion-post-large-alternate post-2368 post type-post status-publish format-standard hentry category-noticias category-xvii-ras\">\n<div class=\"fusion-date-and-formats\"><div class=\"fusion-date-box updated\"><span class=\"fusion-date\">14<\/span><span class=\"fusion-month-year\">10, 2021<\/span><\/div><div class=\"fusion-format-box\"><i class=\"awb-icon-pen\" aria-hidden=\"true\"><\/i><\/div><\/div><div class=\"fusion-post-content post-content\"><h2 class=\"blog-shortcode-post-title entry-title\"><a href=\"https:\/\/www.sedimentologia.org.ar\/spa\/vii-ras-viii-cls-fecha-limite-inscripcion-expositores\/\">XVII RAS -VIII CLS: Fecha l\u00edmite inscripci\u00f3n expositores<\/a><\/h2><span class=\"vcard\" style=\"display: none;\"><span class=\"fn\"><a href=\"https:\/\/www.sedimentologia.org.ar\/spa\/author\/aas\/\" title=\"Entradas de AAS\" rel=\"author\">AAS<\/a><\/span><\/span><span class=\"updated\" style=\"display:none;\">2021-10-15T16:59:54+00:00<\/span><div class=\"fusion-post-content-container\"><p><\/p><\/div><\/div><div class=\"fusion-clearfix\"><\/div><div class=\"fusion-meta-info\"><div class=\"fusion-alignright\"><a class=\"fusion-read-more\" href=\"https:\/\/www.sedimentologia.org.ar\/spa\/vii-ras-viii-cls-fecha-limite-inscripcion-expositores\/\" aria-label=\"More on XVII RAS -VIII CLS: Fecha l\u00edmite inscripci\u00f3n expositores\">Read More<\/a><\/div><\/div><\/article>\n<article id=\"blog-1-post-2364\" class=\"fusion-post-large-alternate post-2364 post type-post status-publish format-standard hentry category-noticias category-xvii-ras\">\n<div class=\"fusion-date-and-formats\"><div class=\"fusion-date-box updated\"><span class=\"fusion-date\">12<\/span><span class=\"fusion-month-year\">10, 2021<\/span><\/div><div class=\"fusion-format-box\"><i class=\"awb-icon-pen\" aria-hidden=\"true\"><\/i><\/div><\/div><div class=\"fusion-post-content post-content\"><h2 class=\"blog-shortcode-post-title entry-title\"><a href=\"https:\/\/www.sedimentologia.org.ar\/spa\/xvii-ras-viii-cls-tarifas-preferenciales-en-alojamiento\/\">XVII RAS \u2013 VIII CLS: Tarifas preferenciales en alojamiento<\/a><\/h2><span class=\"vcard\" style=\"display: none;\"><span class=\"fn\"><a href=\"https:\/\/www.sedimentologia.org.ar\/spa\/author\/aas\/\" title=\"Entradas de AAS\" rel=\"author\">AAS<\/a><\/span><\/span><span class=\"updated\" style=\"display:none;\">2021-10-12T15:40:24+00:00<\/span><div class=\"fusion-post-content-container\"><p>\u00a0 \u00a0 \u00a0 \u00a0 \u00a0 \u00a0 \u00a0 \u00a0 Tarifas preferenciales en alojamiento<\/p><\/div><\/div><div class=\"fusion-clearfix\"><\/div><div class=\"fusion-meta-info\"><div class=\"fusion-alignright\"><a class=\"fusion-read-more\" href=\"https:\/\/www.sedimentologia.org.ar\/spa\/xvii-ras-viii-cls-tarifas-preferenciales-en-alojamiento\/\" aria-label=\"More on XVII RAS \u2013 VIII CLS: Tarifas preferenciales en alojamiento\">Read More<\/a><\/div><\/div><\/article>\n<article id=\"blog-1-post-2359\" class=\"fusion-post-large-alternate post-2359 post type-post status-publish format-standard hentry category-noticias category-xvii-ras\">\n<div class=\"fusion-date-and-formats\"><div class=\"fusion-date-box updated\"><span class=\"fusion-date\">8<\/span><span class=\"fusion-month-year\">10, 2021<\/span><\/div><div class=\"fusion-format-box\"><i class=\"awb-icon-pen\" aria-hidden=\"true\"><\/i><\/div><\/div><div class=\"fusion-post-content post-content\"><h2 class=\"blog-shortcode-post-title entry-title\"><a href=\"https:\/\/www.sedimentologia.org.ar\/spa\/conferencia-se2-xvii-ras-viii-cls\/\">Conferencia SE2 XVII RAS \u2013 VIII CLS<\/a><\/h2><span class=\"vcard\" style=\"display: none;\"><span class=\"fn\"><a href=\"https:\/\/www.sedimentologia.org.ar\/spa\/author\/aas\/\" title=\"Entradas de AAS\" rel=\"author\">AAS<\/a><\/span><\/span><span class=\"updated\" style=\"display:none;\">2021-10-08T22:45:50+00:00<\/span><div class=\"fusion-post-content-container\"><p>Distributive fluvial systems: state of the science and a look forward Dr. Luca Colombera Fluvial &amp; Eolian Research Group, School [...]<\/p><\/div><\/div><div class=\"fusion-clearfix\"><\/div><div class=\"fusion-meta-info\"><div class=\"fusion-alignright\"><a class=\"fusion-read-more\" href=\"https:\/\/www.sedimentologia.org.ar\/spa\/conferencia-se2-xvii-ras-viii-cls\/\" aria-label=\"More on Conferencia SE2 XVII RAS \u2013 VIII CLS\">Read More<\/a><\/div><\/div><\/article>\n<article id=\"blog-1-post-2351\" class=\"fusion-post-large-alternate post-2351 post type-post status-publish format-standard hentry category-noticias category-xvii-ras\">\n<div class=\"fusion-date-and-formats\"><div class=\"fusion-date-box updated\"><span class=\"fusion-date\">8<\/span><span class=\"fusion-month-year\">10, 2021<\/span><\/div><div class=\"fusion-format-box\"><i class=\"awb-icon-pen\" aria-hidden=\"true\"><\/i><\/div><\/div><div class=\"fusion-post-content post-content\"><h2 class=\"blog-shortcode-post-title entry-title\"><a href=\"https:\/\/www.sedimentologia.org.ar\/spa\/conferencia-se4-xvii-ras-viii-cls\/\">Conferencia SE4 XVII RAS \u2013 VIII CLS<\/a><\/h2><span class=\"vcard\" style=\"display: none;\"><span class=\"fn\"><a href=\"https:\/\/www.sedimentologia.org.ar\/spa\/author\/aas\/\" title=\"Entradas de AAS\" rel=\"author\">AAS<\/a><\/span><\/span><span class=\"updated\" style=\"display:none;\">2021-10-08T22:37:49+00:00<\/span><div class=\"fusion-post-content-container\"><p>Dunes preserved in the deposits of big rivers: some insights from bed morphology and subsurface quantification \u00a0Prof. Dr. Jim Best [...]<\/p><\/div><\/div><div class=\"fusion-clearfix\"><\/div><div class=\"fusion-meta-info\"><div class=\"fusion-alignright\"><a class=\"fusion-read-more\" href=\"https:\/\/www.sedimentologia.org.ar\/spa\/conferencia-se4-xvii-ras-viii-cls\/\" aria-label=\"More on Conferencia SE4 XVII RAS \u2013 VIII CLS\">Read More<\/a><\/div><\/div><\/article>\n<article id=\"blog-1-post-2345\" class=\"fusion-post-large-alternate post-2345 post type-post status-publish format-standard hentry category-noticias category-xvii-ras\">\n<div class=\"fusion-date-and-formats\"><div class=\"fusion-date-box updated\"><span class=\"fusion-date\">8<\/span><span class=\"fusion-month-year\">10, 2021<\/span><\/div><div class=\"fusion-format-box\"><i class=\"awb-icon-pen\" aria-hidden=\"true\"><\/i><\/div><\/div><div class=\"fusion-post-content post-content\"><h2 class=\"blog-shortcode-post-title entry-title\"><a href=\"https:\/\/www.sedimentologia.org.ar\/spa\/conferencia-plenaria-xvii-ras-viii-cls-5\/\">Conferencia Plenaria XVII RAS \u2013 VIII CLS<\/a><\/h2><span class=\"vcard\" style=\"display: none;\"><span class=\"fn\"><a href=\"https:\/\/www.sedimentologia.org.ar\/spa\/author\/aas\/\" title=\"Entradas de AAS\" rel=\"author\">AAS<\/a><\/span><\/span><span class=\"updated\" style=\"display:none;\">2021-10-08T22:31:51+00:00<\/span><div class=\"fusion-post-content-container\"><p>Morfodin\u00e1mica y transporte de sedimentos y relaves mineros en r\u00edos aluviales. Caso de estudio R\u00edo Paraopeba, Minas Gerais, Brasil Prof. [...]<\/p><\/div><\/div><div class=\"fusion-clearfix\"><\/div><div class=\"fusion-meta-info\"><div class=\"fusion-alignright\"><a class=\"fusion-read-more\" href=\"https:\/\/www.sedimentologia.org.ar\/spa\/conferencia-plenaria-xvii-ras-viii-cls-5\/\" aria-label=\"More on Conferencia Plenaria XVII RAS \u2013 VIII CLS\">Read More<\/a><\/div><\/div><\/article>\n<article id=\"blog-1-post-2338\" class=\"fusion-post-large-alternate post-2338 post type-post status-publish format-standard hentry category-noticias category-xvii-ras\">\n<div class=\"fusion-date-and-formats\"><div class=\"fusion-date-box updated\"><span class=\"fusion-date\">4<\/span><span class=\"fusion-month-year\">10, 2021<\/span><\/div><div class=\"fusion-format-box\"><i class=\"awb-icon-pen\" aria-hidden=\"true\"><\/i><\/div><\/div><div class=\"fusion-post-content post-content\"><h2 class=\"blog-shortcode-post-title entry-title\"><a href=\"https:\/\/www.sedimentologia.org.ar\/spa\/xvii-reunion-argentina-de-sedimentologia-y-viii-congreso-latinoamericano-de-sedimentologia\/\">XVII Reuni\u00f3n Argentina de Sedimentolog\u00eda y VIII Congreso Latinoamericano de Sedimentolog\u00eda<\/a><\/h2><span class=\"vcard\" style=\"display: none;\"><span class=\"fn\"><a href=\"https:\/\/www.sedimentologia.org.ar\/spa\/author\/aas\/\" title=\"Entradas de AAS\" rel=\"author\">AAS<\/a><\/span><\/span><span class=\"updated\" style=\"display:none;\">2021-10-04T15:20:45+00:00<\/span><div class=\"fusion-post-content-container\"><p>\u00a0 \u00a0<\/p><\/div><\/div><div class=\"fusion-clearfix\"><\/div><div class=\"fusion-meta-info\"><div class=\"fusion-alignright\"><a class=\"fusion-read-more\" href=\"https:\/\/www.sedimentologia.org.ar\/spa\/xvii-reunion-argentina-de-sedimentologia-y-viii-congreso-latinoamericano-de-sedimentologia\/\" aria-label=\"More on XVII Reuni\u00f3n Argentina de Sedimentolog\u00eda y VIII Congreso Latinoamericano de Sedimentolog\u00eda\">Read More<\/a><\/div><\/div><\/article>\n<article id=\"blog-1-post-2327\" class=\"fusion-post-large-alternate post-2327 post type-post status-publish format-standard hentry category-noticias category-xvii-ras\">\n<div class=\"fusion-date-and-formats\"><div class=\"fusion-date-box updated\"><span class=\"fusion-date\">4<\/span><span class=\"fusion-month-year\">10, 2021<\/span><\/div><div class=\"fusion-format-box\"><i class=\"awb-icon-pen\" aria-hidden=\"true\"><\/i><\/div><\/div><div class=\"fusion-post-content post-content\"><h2 class=\"blog-shortcode-post-title entry-title\"><a href=\"https:\/\/www.sedimentologia.org.ar\/spa\/conferencia-plenaria-xvii-ras-viii-cls-3\/\">Conferencia SE1 XVII RAS \u2013 VIII CLS<\/a><\/h2><span class=\"vcard\" style=\"display: none;\"><span class=\"fn\"><a href=\"https:\/\/www.sedimentologia.org.ar\/spa\/author\/aas\/\" title=\"Entradas de AAS\" rel=\"author\">AAS<\/a><\/span><\/span><span class=\"updated\" style=\"display:none;\">2021-10-08T23:04:39+00:00<\/span><div class=\"fusion-post-content-container\"><p>Sedimentary records of Quaternary environmental change in tropical South America \u2013 a lowlands perspective Prof. Dr. Michael M. McGlue Department [...]<\/p><\/div><\/div><div class=\"fusion-clearfix\"><\/div><div class=\"fusion-meta-info\"><div class=\"fusion-alignright\"><a class=\"fusion-read-more\" href=\"https:\/\/www.sedimentologia.org.ar\/spa\/conferencia-plenaria-xvii-ras-viii-cls-3\/\" aria-label=\"More on Conferencia SE1 XVII RAS \u2013 VIII CLS\">Read More<\/a><\/div><\/div><\/article>\n<article id=\"blog-1-post-2321\" class=\"fusion-post-large-alternate post-2321 post type-post status-publish format-standard hentry category-noticias category-xvii-ras\">\n<div class=\"fusion-date-and-formats\"><div class=\"fusion-date-box updated\"><span class=\"fusion-date\">4<\/span><span class=\"fusion-month-year\">10, 2021<\/span><\/div><div class=\"fusion-format-box\"><i class=\"awb-icon-pen\" aria-hidden=\"true\"><\/i><\/div><\/div><div class=\"fusion-post-content post-content\"><h2 class=\"blog-shortcode-post-title entry-title\"><a href=\"https:\/\/www.sedimentologia.org.ar\/spa\/xvii-ras-viii-cls-informacion-a-expositores\/\">XVII RAS &#8211; VIII CLS Informaci\u00f3n a expositores<\/a><\/h2><span class=\"vcard\" style=\"display: none;\"><span class=\"fn\"><a href=\"https:\/\/www.sedimentologia.org.ar\/spa\/author\/aas\/\" title=\"Entradas de AAS\" rel=\"author\">AAS<\/a><\/span><\/span><span class=\"updated\" style=\"display:none;\">2021-10-04T15:28:26+00:00<\/span><div class=\"fusion-post-content-container\"><p>Modalidades disponibles: Orales presenciales en programa central en el auditorio del Centro Provincial de Convenciones (CPC). Orales virtuales en cronograma [...]<\/p><\/div><\/div><div class=\"fusion-clearfix\"><\/div><div class=\"fusion-meta-info\"><div class=\"fusion-alignright\"><a class=\"fusion-read-more\" href=\"https:\/\/www.sedimentologia.org.ar\/spa\/xvii-ras-viii-cls-informacion-a-expositores\/\" aria-label=\"More on XVII RAS &#8211; VIII CLS Informaci\u00f3n a expositores\">Read More<\/a><\/div><\/div><\/article>\n<article id=\"blog-1-post-2314\" class=\"fusion-post-large-alternate post-2314 post type-post status-publish format-standard hentry category-noticias category-xvii-ras\">\n<div class=\"fusion-date-and-formats\"><div class=\"fusion-date-box updated\"><span class=\"fusion-date\">30<\/span><span class=\"fusion-month-year\">09, 2021<\/span><\/div><div class=\"fusion-format-box\"><i class=\"awb-icon-pen\" aria-hidden=\"true\"><\/i><\/div><\/div><div class=\"fusion-post-content post-content\"><h2 class=\"blog-shortcode-post-title entry-title\"><a href=\"https:\/\/www.sedimentologia.org.ar\/spa\/conferencia-plenaria-xvii-ras-viii-cls-2\/\">Conferencia Plenaria XVII RAS \u2013 VIII CLS<\/a><\/h2><span class=\"vcard\" style=\"display: none;\"><span class=\"fn\"><a href=\"https:\/\/www.sedimentologia.org.ar\/spa\/author\/aas\/\" title=\"Entradas de AAS\" rel=\"author\">AAS<\/a><\/span><\/span><span class=\"updated\" style=\"display:none;\">2021-10-04T14:32:36+00:00<\/span><div class=\"fusion-post-content-container\"><p>Arrojando luz sobre el paradigma de los travertinos Prof. Dr. Ricardo A. Astini Centro de investigaciones en Ciencias de la [...]<\/p><\/div><\/div><div class=\"fusion-clearfix\"><\/div><div class=\"fusion-meta-info\"><div class=\"fusion-alignright\"><a class=\"fusion-read-more\" href=\"https:\/\/www.sedimentologia.org.ar\/spa\/conferencia-plenaria-xvii-ras-viii-cls-2\/\" aria-label=\"More on Conferencia Plenaria XVII RAS \u2013 VIII CLS\">Read More<\/a><\/div><\/div><\/article>\n<article id=\"blog-1-post-2306\" class=\"fusion-post-large-alternate post-2306 post type-post status-publish format-standard hentry category-noticias category-xvii-ras\">\n<div class=\"fusion-date-and-formats\"><div class=\"fusion-date-box updated\"><span class=\"fusion-date\">29<\/span><span class=\"fusion-month-year\">09, 2021<\/span><\/div><div class=\"fusion-format-box\"><i class=\"awb-icon-pen\" aria-hidden=\"true\"><\/i><\/div><\/div><div class=\"fusion-post-content post-content\"><h2 class=\"blog-shortcode-post-title entry-title\"><a href=\"https:\/\/www.sedimentologia.org.ar\/spa\/conferencia-plenaria-xvii-ras-viii-cls\/\">Conferencia Plenaria XVII RAS &#8211; VIII CLS<\/a><\/h2><span class=\"vcard\" style=\"display: none;\"><span class=\"fn\"><a href=\"https:\/\/www.sedimentologia.org.ar\/spa\/author\/aas\/\" title=\"Entradas de AAS\" rel=\"author\">AAS<\/a><\/span><\/span><span class=\"updated\" style=\"display:none;\">2021-10-04T14:33:09+00:00<\/span><div class=\"fusion-post-content-container\"><p>New light in provenance analysis: quartz luminescence for tracing of siliciclastic sediments. Prof. Dr. Andr\u00e9 Oliveira Sawakuchi Instituto de Geociencias, [...]<\/p><\/div><\/div><div class=\"fusion-clearfix\"><\/div><div class=\"fusion-meta-info\"><div class=\"fusion-alignright\"><a class=\"fusion-read-more\" href=\"https:\/\/www.sedimentologia.org.ar\/spa\/conferencia-plenaria-xvii-ras-viii-cls\/\" aria-label=\"More on Conferencia Plenaria XVII RAS &#8211; VIII CLS\">Read More<\/a><\/div><\/div><\/article>\n<article id=\"blog-1-post-2298\" class=\"fusion-post-large-alternate post-2298 post type-post status-publish format-standard has-post-thumbnail hentry category-noticias category-xvii-ras\">\n<div class=\"fusion-date-and-formats\"><div class=\"fusion-date-box updated\"><span class=\"fusion-date\">10<\/span><span class=\"fusion-month-year\">08, 2021<\/span><\/div><div class=\"fusion-format-box\"><i class=\"awb-icon-pen\" aria-hidden=\"true\"><\/i><\/div><\/div><div class=\"fusion-post-content post-content\"><h2 class=\"blog-shortcode-post-title entry-title\"><a href=\"https:\/\/www.sedimentologia.org.ar\/spa\/xvii-ras-y-viii-cls-nueva-sesion-especial-se4\/\">XVII RAS y VIII CLS: Nueva Sesi\u00f3n Especial SE4<\/a><\/h2><span class=\"vcard\" style=\"display: none;\"><span class=\"fn\"><a href=\"https:\/\/www.sedimentologia.org.ar\/spa\/author\/aas\/\" title=\"Entradas de AAS\" rel=\"author\">AAS<\/a><\/span><\/span><span class=\"updated\" style=\"display:none;\">2021-08-10T15:15:21+00:00<\/span><div class=\"fusion-post-content-container\"><p>Sesi\u00f3n Especial SE4: SEDIMENTOLOG\u00cdA DE GRANDES SISTEMAS FLUVIALES DE LLANURA Coordinadores: Ricardo Szupiany (Argentina), Jorge D. Abad (Per\u00fa) &amp; Marcos [...]<\/p><\/div><\/div><div class=\"fusion-clearfix\"><\/div><div class=\"fusion-meta-info\"><div class=\"fusion-alignright\"><a class=\"fusion-read-more\" href=\"https:\/\/www.sedimentologia.org.ar\/spa\/xvii-ras-y-viii-cls-nueva-sesion-especial-se4\/\" aria-label=\"More on XVII RAS y VIII CLS: Nueva Sesi\u00f3n Especial SE4\">Read More<\/a><\/div><\/div><\/article>\n<article id=\"blog-1-post-2293\" class=\"fusion-post-large-alternate post-2293 post type-post status-publish format-standard has-post-thumbnail hentry category-noticias category-xvii-ras\">\n<div class=\"fusion-date-and-formats\"><div class=\"fusion-date-box updated\"><span class=\"fusion-date\">6<\/span><span class=\"fusion-month-year\">08, 2021<\/span><\/div><div class=\"fusion-format-box\"><i class=\"awb-icon-pen\" aria-hidden=\"true\"><\/i><\/div><\/div><div class=\"fusion-post-content post-content\"><h2 class=\"blog-shortcode-post-title entry-title\"><a href=\"https:\/\/www.sedimentologia.org.ar\/spa\/xvii-ras-y-viii-cls-becas-ias-para-estudiantes\/\">XVII RAS y VIII CLS: Becas IAS para estudiantes<\/a><\/h2><span class=\"vcard\" style=\"display: none;\"><span class=\"fn\"><a href=\"https:\/\/www.sedimentologia.org.ar\/spa\/author\/aas\/\" title=\"Entradas de AAS\" rel=\"author\">AAS<\/a><\/span><\/span><span class=\"updated\" style=\"display:none;\">2021-08-06T14:20:47+00:00<\/span><div class=\"fusion-post-content-container\"><p>Como auspiciante del evento, la International Association of Sedimentologists (IAS) ha decidido asignar becas a los miembros estudiantes de la [...]<\/p><\/div><\/div><div class=\"fusion-clearfix\"><\/div><div class=\"fusion-meta-info\"><div class=\"fusion-alignright\"><a class=\"fusion-read-more\" href=\"https:\/\/www.sedimentologia.org.ar\/spa\/xvii-ras-y-viii-cls-becas-ias-para-estudiantes\/\" aria-label=\"More on XVII RAS y VIII CLS: Becas IAS para estudiantes\">Read More<\/a><\/div><\/div><\/article>\n<article id=\"blog-1-post-2290\" class=\"fusion-post-large-alternate post-2290 post type-post status-publish format-standard has-post-thumbnail hentry category-noticias category-xvii-ras\">\n<div class=\"fusion-date-and-formats\"><div class=\"fusion-date-box updated\"><span class=\"fusion-date\">2<\/span><span class=\"fusion-month-year\">08, 2021<\/span><\/div><div class=\"fusion-format-box\"><i class=\"awb-icon-pen\" aria-hidden=\"true\"><\/i><\/div><\/div><div class=\"fusion-post-content post-content\"><h2 class=\"blog-shortcode-post-title entry-title\"><a href=\"https:\/\/www.sedimentologia.org.ar\/spa\/xvii-ras-y-viii-cls-nueva-sesion-especial-se2\/\">XVII RAS y VIII CLS: Nueva Sesi\u00f3n Especial SE2<\/a><\/h2><span class=\"vcard\" style=\"display: none;\"><span class=\"fn\"><a href=\"https:\/\/www.sedimentologia.org.ar\/spa\/author\/aas\/\" title=\"Entradas de AAS\" rel=\"author\">AAS<\/a><\/span><\/span><span class=\"updated\" style=\"display:none;\">2021-08-02T23:07:59+00:00<\/span><div class=\"fusion-post-content-container\"><p>Sesi\u00f3n Especial SE2: SEDIMENTOLOG\u00cdA Y MODELOS DE FACIES SEDIMENTARIAS EN SISTEMAS FLUVIALES DISTRIBUTIVOS (DFS) Coordinadores: Daniela Kr\u00f6hling (Argentina), Giorgio Basilici [...]<\/p><\/div><\/div><div class=\"fusion-clearfix\"><\/div><div class=\"fusion-meta-info\"><div class=\"fusion-alignright\"><a class=\"fusion-read-more\" href=\"https:\/\/www.sedimentologia.org.ar\/spa\/xvii-ras-y-viii-cls-nueva-sesion-especial-se2\/\" aria-label=\"More on XVII RAS y VIII CLS: Nueva Sesi\u00f3n Especial SE2\">Read More<\/a><\/div><\/div><\/article>\n<article id=\"blog-1-post-2281\" class=\"fusion-post-large-alternate post-2281 post type-post status-publish format-standard has-post-thumbnail hentry category-noticias category-xvii-ras\">\n<div class=\"fusion-date-and-formats\"><div class=\"fusion-date-box updated\"><span class=\"fusion-date\">30<\/span><span class=\"fusion-month-year\">07, 2021<\/span><\/div><div class=\"fusion-format-box\"><i class=\"awb-icon-pen\" aria-hidden=\"true\"><\/i><\/div><\/div><div class=\"fusion-post-content post-content\"><h2 class=\"blog-shortcode-post-title entry-title\"><a href=\"https:\/\/www.sedimentologia.org.ar\/spa\/vii-ras-y-viii-cls-nueva-sesion-especial-se3\/\">XVII RAS y VIII CLS: Nueva Sesi\u00f3n Especial SE3<\/a><\/h2><span class=\"vcard\" style=\"display: none;\"><span class=\"fn\"><a href=\"https:\/\/www.sedimentologia.org.ar\/spa\/author\/aas\/\" title=\"Entradas de AAS\" rel=\"author\">AAS<\/a><\/span><\/span><span class=\"updated\" style=\"display:none;\">2021-07-30T19:00:11+00:00<\/span><div class=\"fusion-post-content-container\"><p>Sesi\u00f3n Especial SE3: NIVOLOG\u00cdA: PROCESOS DE TRANSPORTE, DEPOSITACI\u00d3N, ACUMULACI\u00d3N Y DIAG\u00c9NESIS NIVAL Coordinadores: Juan Pablo Milana (Argentina) y Vicente Sigl [...]<\/p><\/div><\/div><div class=\"fusion-clearfix\"><\/div><div class=\"fusion-meta-info\"><div class=\"fusion-alignright\"><a class=\"fusion-read-more\" href=\"https:\/\/www.sedimentologia.org.ar\/spa\/vii-ras-y-viii-cls-nueva-sesion-especial-se3\/\" aria-label=\"More on XVII RAS y VIII CLS: Nueva Sesi\u00f3n Especial SE3\">Read More<\/a><\/div><\/div><\/article>\n<article id=\"blog-1-post-2278\" class=\"fusion-post-large-alternate post-2278 post type-post status-publish format-standard has-post-thumbnail hentry category-noticias category-xvii-ras\">\n<div class=\"fusion-date-and-formats\"><div class=\"fusion-date-box updated\"><span class=\"fusion-date\">30<\/span><span class=\"fusion-month-year\">07, 2021<\/span><\/div><div class=\"fusion-format-box\"><i class=\"awb-icon-pen\" aria-hidden=\"true\"><\/i><\/div><\/div><div class=\"fusion-post-content post-content\"><h2 class=\"blog-shortcode-post-title entry-title\"><a href=\"https:\/\/www.sedimentologia.org.ar\/spa\/vii-ras-y-viii-cls-nueva-sesion-especial-se1\/\">XVII RAS y VIII CLS: Nueva Sesi\u00f3n Especial SE1<\/a><\/h2><span class=\"vcard\" style=\"display: none;\"><span class=\"fn\"><a href=\"https:\/\/www.sedimentologia.org.ar\/spa\/author\/aas\/\" title=\"Entradas de AAS\" rel=\"author\">AAS<\/a><\/span><\/span><span class=\"updated\" style=\"display:none;\">2021-07-30T18:59:47+00:00<\/span><div class=\"fusion-post-content-container\"><p>Sesi\u00f3n Especial SE1: ROL DE LA SEDIMENTOLOG\u00cdA EN LA INVESTIGACI\u00d3N DE CAMBIOS CLIM\u00c1TICOS Y RECONSTRUCCIONES PALEOAMBIENTALES CUATERNARIAS Coordinadores: Stella Moreiras [...]<\/p><\/div><\/div><div class=\"fusion-clearfix\"><\/div><div class=\"fusion-meta-info\"><div class=\"fusion-alignright\"><a class=\"fusion-read-more\" href=\"https:\/\/www.sedimentologia.org.ar\/spa\/vii-ras-y-viii-cls-nueva-sesion-especial-se1\/\" aria-label=\"More on XVII RAS y VIII CLS: Nueva Sesi\u00f3n Especial SE1\">Read More<\/a><\/div><\/div><\/article>\n<article id=\"blog-1-post-2268\" class=\"fusion-post-large-alternate post-2268 post type-post status-publish format-standard has-post-thumbnail hentry category-noticias category-xvii-ras\">\n<div class=\"fusion-date-and-formats\"><div class=\"fusion-date-box updated\"><span class=\"fusion-date\">30<\/span><span class=\"fusion-month-year\">07, 2021<\/span><\/div><div class=\"fusion-format-box\"><i class=\"awb-icon-pen\" aria-hidden=\"true\"><\/i><\/div><\/div><div class=\"fusion-post-content post-content\"><h2 class=\"blog-shortcode-post-title entry-title\"><a href=\"https:\/\/www.sedimentologia.org.ar\/spa\/nuevo-deadline-vii-ras-y-viii-cls-20-de-agosto\/\">Nuevo deadline XVII RAS y VIII CLS: 20 de Agosto<\/a><\/h2><span class=\"vcard\" style=\"display: none;\"><span class=\"fn\"><a href=\"https:\/\/www.sedimentologia.org.ar\/spa\/author\/aas\/\" title=\"Entradas de AAS\" rel=\"author\">AAS<\/a><\/span><\/span><span class=\"updated\" style=\"display:none;\">2021-07-30T19:00:53+00:00<\/span><div class=\"fusion-post-content-container\"><p>Dada la adhesi\u00f3n creciente y manifestaciones de voluntad de participaci\u00f3n de numerosos colegas latinoamericanos extendemos el plazo final al 20 [...]<\/p><\/div><\/div><div class=\"fusion-clearfix\"><\/div><div class=\"fusion-meta-info\"><div class=\"fusion-alignright\"><a class=\"fusion-read-more\" href=\"https:\/\/www.sedimentologia.org.ar\/spa\/nuevo-deadline-vii-ras-y-viii-cls-20-de-agosto\/\" aria-label=\"More on Nuevo deadline XVII RAS y VIII CLS: 20 de Agosto\">Read More<\/a><\/div><\/div><\/article>\n<article id=\"blog-1-post-2243\" class=\"fusion-post-large-alternate post-2243 post type-post status-publish format-standard hentry category-noticias category-xvii-ras\">\n<div class=\"fusion-date-and-formats\"><div class=\"fusion-date-box updated\"><span class=\"fusion-date\">19<\/span><span class=\"fusion-month-year\">05, 2021<\/span><\/div><div class=\"fusion-format-box\"><i class=\"awb-icon-pen\" aria-hidden=\"true\"><\/i><\/div><\/div><div class=\"fusion-post-content post-content\"><h2 class=\"blog-shortcode-post-title entry-title\"><a href=\"https:\/\/www.sedimentologia.org.ar\/spa\/presentacion-de-trabajos\/\">Presentaci\u00f3n de Trabajos XVII RAS \/ VIII CLS<\/a><\/h2><span class=\"vcard\" style=\"display: none;\"><span class=\"fn\"><a href=\"https:\/\/www.sedimentologia.org.ar\/spa\/author\/aas\/\" title=\"Entradas de AAS\" rel=\"author\">AAS<\/a><\/span><\/span><span class=\"updated\" style=\"display:none;\">2021-05-19T14:51:56+00:00<\/span><div class=\"fusion-post-content-container\"><p>La modalidad de presentaci\u00f3n ser\u00e1 presencial o virtual seg\u00fan la elecci\u00f3n del\/la participante, en forma de conferencias plenarias invitadas y [...]<\/p><\/div><\/div><div class=\"fusion-clearfix\"><\/div><div class=\"fusion-meta-info\"><div class=\"fusion-alignright\"><a class=\"fusion-read-more\" href=\"https:\/\/www.sedimentologia.org.ar\/spa\/presentacion-de-trabajos\/\" aria-label=\"More on Presentaci\u00f3n de Trabajos XVII RAS \/ VIII CLS\">Read More<\/a><\/div><\/div><\/article>\n<article id=\"blog-1-post-2188\" class=\"fusion-post-large-alternate post-2188 post type-post status-publish format-standard has-post-thumbnail hentry category-noticias category-xvii-ras\">\n<div class=\"fusion-date-and-formats\"><div class=\"fusion-date-box updated\"><span class=\"fusion-date\">19<\/span><span class=\"fusion-month-year\">03, 2021<\/span><\/div><div class=\"fusion-format-box\"><i class=\"awb-icon-pen\" aria-hidden=\"true\"><\/i><\/div><\/div><div class=\"fusion-post-content post-content\"><h2 class=\"blog-shortcode-post-title entry-title\"><a href=\"https:\/\/www.sedimentologia.org.ar\/spa\/novedades-xvii-ras-y-viii-cls\/\">NOVEDADES XVII RAS y VIII CLS<\/a><\/h2><span class=\"vcard\" style=\"display: none;\"><span class=\"fn\"><a href=\"https:\/\/www.sedimentologia.org.ar\/spa\/author\/aas\/\" title=\"Entradas de AAS\" rel=\"author\">AAS<\/a><\/span><\/span><span class=\"updated\" style=\"display:none;\">2021-03-19T17:32:55+00:00<\/span><div class=\"fusion-post-content-container\"><p>Estimados\/as colegas: Considerando la compleja situaci\u00f3n sanitaria por la que atraviesa el pa\u00eds y el mundo, la comisi\u00f3n organizadora de [...]<\/p><\/div><\/div><div class=\"fusion-clearfix\"><\/div><div class=\"fusion-meta-info\"><div class=\"fusion-alignright\"><a class=\"fusion-read-more\" href=\"https:\/\/www.sedimentologia.org.ar\/spa\/novedades-xvii-ras-y-viii-cls\/\" aria-label=\"More on NOVEDADES XVII RAS y VIII CLS\">Read More<\/a><\/div><\/div><\/article>\n<article id=\"blog-1-post-2183\" class=\"fusion-post-large-alternate post-2183 post type-post status-publish format-standard has-post-thumbnail hentry category-noticias category-xvii-ras\">\n<div class=\"fusion-date-and-formats\"><div class=\"fusion-date-box updated\"><span class=\"fusion-date\">10<\/span><span class=\"fusion-month-year\">12, 2020<\/span><\/div><div class=\"fusion-format-box\"><i class=\"awb-icon-pen\" aria-hidden=\"true\"><\/i><\/div><\/div><div class=\"fusion-post-content post-content\"><h2 class=\"blog-shortcode-post-title entry-title\"><a href=\"https:\/\/www.sedimentologia.org.ar\/spa\/novedades-xvii-ras-y-viii-congreso-latinoamericano-de-sedimentologia\/\">Novedades &#8211; XVII RAS y VIII Congreso Latinoamericano de Sedimentolog\u00eda<\/a><\/h2><span class=\"vcard\" style=\"display: none;\"><span class=\"fn\"><a href=\"https:\/\/www.sedimentologia.org.ar\/spa\/author\/aas\/\" title=\"Entradas de AAS\" rel=\"author\">AAS<\/a><\/span><\/span><span class=\"updated\" style=\"display:none;\">2020-12-10T12:18:29+00:00<\/span><div class=\"fusion-post-content-container\"><p>A toda la comunidad sedimentol\u00f3gica latinoamericana, Deseamos que se encuentren muy bien. Les recordamos que pese a la incertidumbre relativa [...]<\/p><\/div><\/div><div class=\"fusion-clearfix\"><\/div><div class=\"fusion-meta-info\"><div class=\"fusion-alignright\"><a class=\"fusion-read-more\" href=\"https:\/\/www.sedimentologia.org.ar\/spa\/novedades-xvii-ras-y-viii-congreso-latinoamericano-de-sedimentologia\/\" aria-label=\"More on Novedades &#8211; XVII RAS y VIII Congreso Latinoamericano de Sedimentolog\u00eda\">Read More<\/a><\/div><\/div><\/article>\n<article id=\"blog-1-post-2042\" class=\"fusion-post-large-alternate post-2042 post type-post status-publish format-standard has-post-thumbnail hentry category-noticias category-xvii-ras\">\n<div class=\"fusion-date-and-formats\"><div class=\"fusion-date-box updated\"><span class=\"fusion-date\">21<\/span><span class=\"fusion-month-year\">03, 2020<\/span><\/div><div class=\"fusion-format-box\"><i class=\"awb-icon-pen\" aria-hidden=\"true\"><\/i><\/div><\/div><div class=\"fusion-post-content post-content\"><h2 class=\"blog-shortcode-post-title entry-title\"><a href=\"https:\/\/www.sedimentologia.org.ar\/spa\/postponement-viii-latin-american-congress-of-sedimentology-and-xvii-argentine-meeting-of-sedimentology\/\">Postponement VIII Latin-American Congress of Sedimentology and XVII Argentine Meeting of Sedimentology<\/a><\/h2><span class=\"vcard\" style=\"display: none;\"><span class=\"fn\"><a href=\"https:\/\/www.sedimentologia.org.ar\/spa\/author\/aas\/\" title=\"Entradas de AAS\" rel=\"author\">AAS<\/a><\/span><\/span><span class=\"updated\" style=\"display:none;\">2020-03-21T21:50:59+00:00<\/span><div class=\"fusion-post-content-container\"><p>Dear colleagues, Due to the health and administrative risks associated with the current global spread of the Covid-19 disease, and [...]<\/p><\/div><\/div><div class=\"fusion-clearfix\"><\/div><div class=\"fusion-meta-info\"><div class=\"fusion-alignright\"><a class=\"fusion-read-more\" href=\"https:\/\/www.sedimentologia.org.ar\/spa\/postponement-viii-latin-american-congress-of-sedimentology-and-xvii-argentine-meeting-of-sedimentology\/\" aria-label=\"More on Postponement VIII Latin-American Congress of Sedimentology and XVII Argentine Meeting of Sedimentology\">Read More<\/a><\/div><\/div><\/article>\n<\/div><div class=\"fusion-infinite-scroll-trigger\"><\/div><div class=\"pagination infinite-scroll clearfix\" style=\"display:none;\"><span class=\"current\">1<\/span><a href=\"https:\/\/www.sedimentologia.org.ar\/spa\/wp-json\/wp\/v2\/pages\/1934\/page\/2\/\" class=\"inactive\">2<\/a><a class=\"pagination-next\" rel=\"next\" href=\"https:\/\/www.sedimentologia.org.ar\/spa\/wp-json\/wp\/v2\/pages\/1934\/page\/2\/\"><span class=\"page-text\">Siguiente<\/span><span class=\"page-next\"><\/span><\/a><\/div><div class=\"fusion-clearfix\"><\/div><\/div><div class=\"fusion-clearfix\"><\/div><\/div><\/div><\/div><\/div><\/p>\n","protected":false},"excerpt":{"rendered":"","protected":false},"author":2,"featured_media":0,"parent":0,"menu_order":0,"comment_status":"closed","ping_status":"closed","template":"","meta":{"footnotes":""},"class_list":["post-1934","page","type-page","status-publish","hentry"],"_links":{"self":[{"href":"https:\/\/www.sedimentologia.org.ar\/spa\/wp-json\/wp\/v2\/pages\/1934","targetHints":{"allow":["GET"]}}],"collection":[{"href":"https:\/\/www.sedimentologia.org.ar\/spa\/wp-json\/wp\/v2\/pages"}],"about":[{"href":"https:\/\/www.sedimentologia.org.ar\/spa\/wp-json\/wp\/v2\/types\/page"}],"author":[{"embeddable":true,"href":"https:\/\/www.sedimentologia.org.ar\/spa\/wp-json\/wp\/v2\/users\/2"}],"replies":[{"embeddable":true,"href":"https:\/\/www.sedimentologia.org.ar\/spa\/wp-json\/wp\/v2\/comments?post=1934"}],"version-history":[{"count":38,"href":"https:\/\/www.sedimentologia.org.ar\/spa\/wp-json\/wp\/v2\/pages\/1934\/revisions"}],"predecessor-version":[{"id":2441,"href":"https:\/\/www.sedimentologia.org.ar\/spa\/wp-json\/wp\/v2\/pages\/1934\/revisions\/2441"}],"wp:attachment":[{"href":"https:\/\/www.sedimentologia.org.ar\/spa\/wp-json\/wp\/v2\/media?parent=1934"}],"curies":[{"name":"wp","href":"https:\/\/api.w.org\/{rel}","templated":true}]}}